{"id":3077,"date":"2022-12-05T09:08:45","date_gmt":"2022-12-05T08:08:45","guid":{"rendered":"https:\/\/talk.swiss\/?page_id=3077"},"modified":"2024-02-19T08:42:16","modified_gmt":"2024-02-19T07:42:16","slug":"actualites","status":"publish","type":"page","link":"https:\/\/talk.swiss\/it\/actualites\/","title":{"rendered":"Notizie"},"content":{"rendered":"<div data-elementor-type=\"wp-page\" data-elementor-id=\"3077\" class=\"elementor elementor-3077\" data-elementor-post-type=\"page\">\n\t\t\t\t\t\t<section class=\"elementor-section elementor-top-section elementor-element elementor-element-d4c6604 elementor-section-boxed elementor-section-height-default elementor-section-height-default\" data-id=\"d4c6604\" data-element_type=\"section\" data-e-type=\"section\">\n\t\t\t\t\t\t<div class=\"elementor-container elementor-column-gap-default\">\n\t\t\t\t\t<div class=\"elementor-column elementor-col-100 elementor-top-column elementor-element elementor-element-1d5c2d3\" data-id=\"1d5c2d3\" data-element_type=\"column\" data-e-type=\"column\">\n\t\t\t<div class=\"elementor-widget-wrap elementor-element-populated\">\n\t\t\t\t\t\t<div class=\"elementor-element elementor-element-ac536b5 elementor-widget elementor-widget-heading\" data-id=\"ac536b5\" data-element_type=\"widget\" data-e-type=\"widget\" data-widget_type=\"heading.default\">\n\t\t\t\t<div class=\"elementor-widget-container\">\n\t\t\t\t\t<h2 class=\"elementor-heading-title elementor-size-default\">Notizie<\/h2>\t\t\t\t<\/div>\n\t\t\t\t<\/div>\n\t\t\t\t<div class=\"elementor-element elementor-element-005d9e2 elementor-nav-menu--dropdown-tablet elementor-nav-menu__text-align-aside elementor-nav-menu--toggle elementor-nav-menu--burger elementor-widget elementor-widget-nav-menu\" data-id=\"005d9e2\" data-element_type=\"widget\" data-e-type=\"widget\" data-settings=\"{&quot;layout&quot;:&quot;horizontal&quot;,&quot;submenu_icon&quot;:{&quot;value&quot;:&quot;&lt;i class=\\&quot;fas fa-caret-down\\&quot; aria-hidden=\\&quot;true\\&quot;&gt;&lt;\\\/i&gt;&quot;,&quot;library&quot;:&quot;fa-solid&quot;},&quot;toggle&quot;:&quot;burger&quot;}\" data-widget_type=\"nav-menu.default\">\n\t\t\t\t<div class=\"elementor-widget-container\">\n\t\t\t\t\t\t\t\t<nav aria-label=\"Menu\" class=\"elementor-nav-menu--main elementor-nav-menu__container elementor-nav-menu--layout-horizontal e--pointer-underline e--animation-fade\">\n\t\t\t\t<ul id=\"menu-1-005d9e2\" class=\"elementor-nav-menu\"><li class=\"menu-item menu-item-type-custom menu-item-object-custom menu-item-6679\"><a href=\"https:\/\/talk.swiss\/it\/actualites\/\" class=\"elementor-item\">Vedi tutti<\/a><\/li>\n<li class=\"menu-item menu-item-type-taxonomy menu-item-object-category menu-item-6641\"><a href=\"https:\/\/talk.swiss\/it\/category\/actus\/\" class=\"elementor-item\">Blog<\/a><\/li>\n<li class=\"menu-item menu-item-type-taxonomy menu-item-object-category menu-item-6642\"><a href=\"https:\/\/talk.swiss\/it\/category\/medias\/\" class=\"elementor-item\">Media<\/a><\/li>\n<\/ul>\t\t\t<\/nav>\n\t\t\t\t\t<div class=\"elementor-menu-toggle\" role=\"button\" tabindex=\"0\" aria-label=\"Menu di commutazione\" aria-expanded=\"false\">\n\t\t\t<i aria-hidden=\"true\" role=\"presentation\" class=\"elementor-menu-toggle__icon--open eicon-menu-bar\"><\/i><i aria-hidden=\"true\" role=\"presentation\" class=\"elementor-menu-toggle__icon--close eicon-close\"><\/i>\t\t<\/div>\n\t\t\t\t\t<nav class=\"elementor-nav-menu--dropdown elementor-nav-menu__container\" aria-hidden=\"true\">\n\t\t\t\t<ul id=\"menu-2-005d9e2\" class=\"elementor-nav-menu\"><li class=\"menu-item menu-item-type-custom menu-item-object-custom menu-item-6679\"><a href=\"https:\/\/talk.swiss\/it\/actualites\/\" class=\"elementor-item\" tabindex=\"-1\">Vedi tutti<\/a><\/li>\n<li class=\"menu-item menu-item-type-taxonomy menu-item-object-category menu-item-6641\"><a href=\"https:\/\/talk.swiss\/it\/category\/actus\/\" class=\"elementor-item\" tabindex=\"-1\">Blog<\/a><\/li>\n<li class=\"menu-item menu-item-type-taxonomy menu-item-object-category menu-item-6642\"><a href=\"https:\/\/talk.swiss\/it\/category\/medias\/\" class=\"elementor-item\" tabindex=\"-1\">Media<\/a><\/li>\n<\/ul>\t\t\t<\/nav>\n\t\t\t\t\t\t<\/div>\n\t\t\t\t<\/div>\n\t\t\t\t<div class=\"elementor-element elementor-element-a46be57 elementor-grid-3 elementor-grid-tablet-2 elementor-grid-mobile-1 elementor-posts--thumbnail-top elementor-widget elementor-widget-posts\" data-id=\"a46be57\" data-element_type=\"widget\" data-e-type=\"widget\" data-settings=\"{&quot;pagination_type&quot;:&quot;load_more_infinite_scroll&quot;,&quot;classic_masonry&quot;:&quot;yes&quot;,&quot;classic_columns&quot;:&quot;3&quot;,&quot;classic_columns_tablet&quot;:&quot;2&quot;,&quot;classic_columns_mobile&quot;:&quot;1&quot;,&quot;classic_row_gap&quot;:{&quot;unit&quot;:&quot;px&quot;,&quot;size&quot;:35,&quot;sizes&quot;:[]},&quot;classic_row_gap_tablet_extra&quot;:{&quot;unit&quot;:&quot;px&quot;,&quot;size&quot;:&quot;&quot;,&quot;sizes&quot;:[]},&quot;classic_row_gap_tablet&quot;:{&quot;unit&quot;:&quot;px&quot;,&quot;size&quot;:&quot;&quot;,&quot;sizes&quot;:[]},&quot;classic_row_gap_mobile_extra&quot;:{&quot;unit&quot;:&quot;px&quot;,&quot;size&quot;:&quot;&quot;,&quot;sizes&quot;:[]},&quot;classic_row_gap_mobile&quot;:{&quot;unit&quot;:&quot;px&quot;,&quot;size&quot;:&quot;&quot;,&quot;sizes&quot;:[]},&quot;load_more_spinner&quot;:{&quot;value&quot;:&quot;fas fa-spinner&quot;,&quot;library&quot;:&quot;fa-solid&quot;}}\" data-widget_type=\"posts.classic\">\n\t\t\t\t<div class=\"elementor-widget-container\">\n\t\t\t\t\t\t\t<div class=\"elementor-posts-container elementor-posts elementor-posts--skin-classic elementor-grid\" role=\"list\">\n\t\t\t\t<article class=\"elementor-post elementor-grid-item post-8563 post type-post status-publish format-standard has-post-thumbnail hentry category-actus category-divers tag-communication tag-emotion tag-prise-de-parole\" role=\"listitem\">\n\t\t\t\t<a class=\"elementor-post__thumbnail__link\" href=\"https:\/\/talk.swiss\/it\/mesurer-pour-progresser-pourquoi-lobjectivite-change-tout-en-communication\/\" tabindex=\"-1\" >\n\t\t\t<div class=\"elementor-post__thumbnail\"><img fetchpriority=\"high\" decoding=\"async\" width=\"1000\" height=\"563\" src=\"https:\/\/talk.swiss\/wp-content\/uploads\/2026\/03\/group-people-with-laptops.jpg\" class=\"attachment-full size-full wp-image-8607\" alt=\"\" srcset=\"https:\/\/talk.swiss\/wp-content\/uploads\/2026\/03\/group-people-with-laptops.jpg 1000w, https:\/\/talk.swiss\/wp-content\/uploads\/2026\/03\/group-people-with-laptops-300x169.jpg 300w, https:\/\/talk.swiss\/wp-content\/uploads\/2026\/03\/group-people-with-laptops-768x432.jpg 768w, https:\/\/talk.swiss\/wp-content\/uploads\/2026\/03\/group-people-with-laptops-18x10.jpg 18w\" sizes=\"(max-width: 1000px) 100vw, 1000px\" \/><\/div>\n\t\t<\/a>\n\t\t\t\t<div class=\"elementor-post__text\">\n\t\t\t\t<h3 class=\"elementor-post__title\">\n\t\t\t<a href=\"https:\/\/talk.swiss\/it\/mesurer-pour-progresser-pourquoi-lobjectivite-change-tout-en-communication\/\" >\n\t\t\t\tMisurare il progresso: perch\u00e9 l'obiettivit\u00e0 cambia tutto nella comunicazione\t\t\t<\/a>\n\t\t<\/h3>\n\t\t\t\t<div class=\"elementor-post__meta-data\">\n\t\t\t\t\t<span class=\"elementor-post-date\">\n\t\t\t24\/03\/2026\t\t<\/span>\n\t\t\t\t<\/div>\n\t\t\t\t<div class=\"elementor-post__excerpt\">\n\t\t\t<p>Migliorare senza misurare \u00e8 come navigare senza bussola.<br \/> Possiamo andare avanti, moltiplicare le nostre esperienze, fare sforzi sinceri, senza mai sapere con precisione in quale direzione stiamo progredendo o a quale velocit\u00e0. Questo \u00e8 sempre stato il problema della comunicazione e, pi\u00f9 in generale, delle soft skills. <\/p> <p>I progressi in questo settore rimangono difficili per due ragioni strutturali. <\/p>\t\t<\/div>\n\t\t\n\t\t<a class=\"elementor-post__read-more\" href=\"https:\/\/talk.swiss\/it\/mesurer-pour-progresser-pourquoi-lobjectivite-change-tout-en-communication\/\" aria-label=\"Leggi tutto Mesurer pour progresser : pourquoi l\u2019objectivit\u00e9 change tout en communication\" tabindex=\"-1\" >\n\t\t\tPer saperne di pi\u00f9\t\t<\/a>\n\n\t\t\t\t<\/div>\n\t\t\t\t<\/article>\n\t\t\t\t<article class=\"elementor-post elementor-grid-item post-8512 post type-post status-publish format-standard has-post-thumbnail hentry category-actus category-divers tag-communication tag-emotion tag-prise-de-parole\" role=\"listitem\">\n\t\t\t\t<a class=\"elementor-post__thumbnail__link\" href=\"https:\/\/talk.swiss\/it\/talkto-retrouver-confiance-liberer-sa-parole\/\" tabindex=\"-1\" >\n\t\t\t<div class=\"elementor-post__thumbnail\"><img decoding=\"async\" width=\"2560\" height=\"1435\" src=\"https:\/\/talk.swiss\/wp-content\/uploads\/2025\/12\/talk_bg-scaled.jpg\" class=\"attachment-full size-full wp-image-8541\" alt=\"\" srcset=\"https:\/\/talk.swiss\/wp-content\/uploads\/2025\/12\/talk_bg-scaled.jpg 2560w, https:\/\/talk.swiss\/wp-content\/uploads\/2025\/12\/talk_bg-300x168.jpg 300w, https:\/\/talk.swiss\/wp-content\/uploads\/2025\/12\/talk_bg-1024x574.jpg 1024w, https:\/\/talk.swiss\/wp-content\/uploads\/2025\/12\/talk_bg-768x430.jpg 768w, https:\/\/talk.swiss\/wp-content\/uploads\/2025\/12\/talk_bg-1536x861.jpg 1536w, https:\/\/talk.swiss\/wp-content\/uploads\/2025\/12\/talk_bg-2048x1148.jpg 2048w, https:\/\/talk.swiss\/wp-content\/uploads\/2025\/12\/talk_bg-18x10.jpg 18w\" sizes=\"(max-width: 2560px) 100vw, 2560px\" \/><\/div>\n\t\t<\/a>\n\t\t\t\t<div class=\"elementor-post__text\">\n\t\t\t\t<h3 class=\"elementor-post__title\">\n\t\t\t<a href=\"https:\/\/talk.swiss\/it\/talkto-retrouver-confiance-liberer-sa-parole\/\" >\n\t\t\t\tTalkTo: ritrovare fiducia, liberare la parola\t\t\t<\/a>\n\t\t<\/h3>\n\t\t\t\t<div class=\"elementor-post__meta-data\">\n\t\t\t\t\t<span class=\"elementor-post-date\">\n\t\t\t04\/12\/2025\t\t<\/span>\n\t\t\t\t<\/div>\n\t\t\t\t<div class=\"elementor-post__excerpt\">\n\t\t\t<p>Chiudere il cerchio: la parola a chi ha vissuto l'esperienza <\/p> <p>Nell'ambito della nostra serie di interviste agli ex partecipanti al programma TalkTo, abbiamo incontrato Baptiste ed \u00c9ric, due professionisti che hanno seguito la formazione la scorsa primavera, tra aprile e giugno. <\/p>\t\t<\/div>\n\t\t\n\t\t<a class=\"elementor-post__read-more\" href=\"https:\/\/talk.swiss\/it\/talkto-retrouver-confiance-liberer-sa-parole\/\" aria-label=\"Leggi tutto TalkTo : retrouver confiance, lib\u00e9rer sa parole\" tabindex=\"-1\" >\n\t\t\tPer saperne di pi\u00f9\t\t<\/a>\n\n\t\t\t\t<\/div>\n\t\t\t\t<\/article>\n\t\t\t\t<article class=\"elementor-post elementor-grid-item post-8442 post type-post status-publish format-standard has-post-thumbnail hentry category-actus category-divers tag-communication tag-emotion tag-prise-de-parole\" role=\"listitem\">\n\t\t\t\t<a class=\"elementor-post__thumbnail__link\" href=\"https:\/\/talk.swiss\/it\/talk-a-lehl-quand-la-parole-devient-une-force-de-leadership\/\" tabindex=\"-1\" >\n\t\t\t<div class=\"elementor-post__thumbnail\"><img decoding=\"async\" width=\"2000\" height=\"1073\" src=\"https:\/\/talk.swiss\/wp-content\/uploads\/2025\/10\/pexels-diva-plavalaguna-6147031-1.jpg\" class=\"attachment-full size-full wp-image-8478\" alt=\"\" srcset=\"https:\/\/talk.swiss\/wp-content\/uploads\/2025\/10\/pexels-diva-plavalaguna-6147031-1.jpg 2000w, https:\/\/talk.swiss\/wp-content\/uploads\/2025\/10\/pexels-diva-plavalaguna-6147031-1-300x161.jpg 300w, https:\/\/talk.swiss\/wp-content\/uploads\/2025\/10\/pexels-diva-plavalaguna-6147031-1-1024x549.jpg 1024w, https:\/\/talk.swiss\/wp-content\/uploads\/2025\/10\/pexels-diva-plavalaguna-6147031-1-768x412.jpg 768w, https:\/\/talk.swiss\/wp-content\/uploads\/2025\/10\/pexels-diva-plavalaguna-6147031-1-1536x824.jpg 1536w, https:\/\/talk.swiss\/wp-content\/uploads\/2025\/10\/pexels-diva-plavalaguna-6147031-1-18x10.jpg 18w\" sizes=\"(max-width: 2000px) 100vw, 2000px\" \/><\/div>\n\t\t<\/a>\n\t\t\t\t<div class=\"elementor-post__text\">\n\t\t\t\t<h3 class=\"elementor-post__title\">\n\t\t\t<a href=\"https:\/\/talk.swiss\/it\/talk-a-lehl-quand-la-parole-devient-une-force-de-leadership\/\" >\n\t\t\t\tTALK a EHL: quando la parola parlata diventa una forza per la leadership\t\t\t<\/a>\n\t\t<\/h3>\n\t\t\t\t<div class=\"elementor-post__meta-data\">\n\t\t\t\t\t<span class=\"elementor-post-date\">\n\t\t\t23\/10\/2025\t\t<\/span>\n\t\t\t\t<\/div>\n\t\t\t\t<div class=\"elementor-post__excerpt\">\n\t\t\t<p>Da diversi anni TALK organizza presso l'\u00c9cole H\u00f4teli\u00e8re de Lausanne masterclass uniche nel loro genere dedicate al public speaking e alla leadership. Per due giorni nel campus, dieci giorni in formato digitale e una sessione finale di feedback, i partecipanti sperimentano un viaggio trasformativo. <\/p>\t\t<\/div>\n\t\t\n\t\t<a class=\"elementor-post__read-more\" href=\"https:\/\/talk.swiss\/it\/talk-a-lehl-quand-la-parole-devient-une-force-de-leadership\/\" aria-label=\"Leggi tutto TALK \u00e0 l\u2019EHL : quand la parole devient une force de leadership\" tabindex=\"-1\" >\n\t\t\tPer saperne di pi\u00f9\t\t<\/a>\n\n\t\t\t\t<\/div>\n\t\t\t\t<\/article>\n\t\t\t\t<article class=\"elementor-post elementor-grid-item post-8386 post type-post status-publish format-standard has-post-thumbnail hentry category-actus category-divers tag-communication tag-emotion tag-prise-de-parole\" role=\"listitem\">\n\t\t\t\t<a class=\"elementor-post__thumbnail__link\" href=\"https:\/\/talk.swiss\/it\/talkto-eveiller-sa-communication-et-sa-confiance-grace-a-lelan-du-collectif-et-de-lhumain\/\" tabindex=\"-1\" >\n\t\t\t<div class=\"elementor-post__thumbnail\"><img loading=\"lazy\" decoding=\"async\" width=\"1200\" height=\"627\" src=\"https:\/\/talk.swiss\/wp-content\/uploads\/2024\/04\/Visuel_blog_LS.jpg\" class=\"attachment-full size-full wp-image-7084\" alt=\"\" srcset=\"https:\/\/talk.swiss\/wp-content\/uploads\/2024\/04\/Visuel_blog_LS.jpg 1200w, https:\/\/talk.swiss\/wp-content\/uploads\/2024\/04\/Visuel_blog_LS-300x157.jpg 300w, https:\/\/talk.swiss\/wp-content\/uploads\/2024\/04\/Visuel_blog_LS-1024x535.jpg 1024w, https:\/\/talk.swiss\/wp-content\/uploads\/2024\/04\/Visuel_blog_LS-768x401.jpg 768w, https:\/\/talk.swiss\/wp-content\/uploads\/2024\/04\/Visuel_blog_LS-18x9.jpg 18w\" sizes=\"(max-width: 1200px) 100vw, 1200px\" \/><\/div>\n\t\t<\/a>\n\t\t\t\t<div class=\"elementor-post__text\">\n\t\t\t\t<h3 class=\"elementor-post__title\">\n\t\t\t<a href=\"https:\/\/talk.swiss\/it\/talkto-eveiller-sa-communication-et-sa-confiance-grace-a-lelan-du-collectif-et-de-lhumain\/\" >\n\t\t\t\tTalkTo: risvegliare la comunicazione e la fiducia attraverso lo slancio collettivo e umano\t\t\t<\/a>\n\t\t<\/h3>\n\t\t\t\t<div class=\"elementor-post__meta-data\">\n\t\t\t\t\t<span class=\"elementor-post-date\">\n\t\t\t02\/09\/2025\t\t<\/span>\n\t\t\t\t<\/div>\n\t\t\t\t<div class=\"elementor-post__excerpt\">\n\t\t\t<p>Le emozioni sono spesso percepite come inappropriate in un contesto professionale. L'intelligenza emotiva, tuttavia, pu\u00f2 portare molti vantaggi.<\/p>\t\t<\/div>\n\t\t\n\t\t<a class=\"elementor-post__read-more\" href=\"https:\/\/talk.swiss\/it\/talkto-eveiller-sa-communication-et-sa-confiance-grace-a-lelan-du-collectif-et-de-lhumain\/\" aria-label=\"Leggi tutto TalkTo : \u00e9veiller sa communication et sa confiance gr\u00e2ce \u00e0 l\u2019\u00e9lan du collectif et de l\u2019humain\" tabindex=\"-1\" >\n\t\t\tPer saperne di pi\u00f9\t\t<\/a>\n\n\t\t\t\t<\/div>\n\t\t\t\t<\/article>\n\t\t\t\t<article class=\"elementor-post elementor-grid-item post-8170 post type-post status-publish format-standard has-post-thumbnail hentry category-actus category-divers tag-communication tag-emotion tag-prise-de-parole\" role=\"listitem\">\n\t\t\t\t<a class=\"elementor-post__thumbnail__link\" href=\"https:\/\/talk.swiss\/it\/talkto-des-soft-skills-puissants-pour-transformer-sa-posture-et-relancer-son-projet-professionnel\/\" tabindex=\"-1\" >\n\t\t\t<div class=\"elementor-post__thumbnail\"><img loading=\"lazy\" decoding=\"async\" width=\"2560\" height=\"1440\" src=\"https:\/\/talk.swiss\/wp-content\/uploads\/2025\/05\/TALK-IMG-35-1-scaled.jpg\" class=\"attachment-full size-full wp-image-8210\" alt=\"\" srcset=\"https:\/\/talk.swiss\/wp-content\/uploads\/2025\/05\/TALK-IMG-35-1-scaled.jpg 2560w, https:\/\/talk.swiss\/wp-content\/uploads\/2025\/05\/TALK-IMG-35-1-300x169.jpg 300w, https:\/\/talk.swiss\/wp-content\/uploads\/2025\/05\/TALK-IMG-35-1-1024x576.jpg 1024w\" sizes=\"(max-width: 2560px) 100vw, 2560px\" \/><\/div>\n\t\t<\/a>\n\t\t\t\t<div class=\"elementor-post__text\">\n\t\t\t\t<h3 class=\"elementor-post__title\">\n\t\t\t<a href=\"https:\/\/talk.swiss\/it\/talkto-des-soft-skills-puissants-pour-transformer-sa-posture-et-relancer-son-projet-professionnel\/\" >\n\t\t\t\tTalkTo: potenti soft skills per trasformare la vostra postura e sviluppare il vostro piano di carriera\t\t\t<\/a>\n\t\t<\/h3>\n\t\t\t\t<div class=\"elementor-post__meta-data\">\n\t\t\t\t\t<span class=\"elementor-post-date\">\n\t\t\t18\/05\/2025\t\t<\/span>\n\t\t\t\t<\/div>\n\t\t\t\t<div class=\"elementor-post__excerpt\">\n\t\t\t<p>TalkTo \u00e8 un programma intensivo che fornisce strumenti concreti per sviluppare le soft skills essenziali: chiarezza, presenza, impatto relazionale e intelligenza emotiva.<\/p>\t\t<\/div>\n\t\t\n\t\t<a class=\"elementor-post__read-more\" href=\"https:\/\/talk.swiss\/it\/talkto-des-soft-skills-puissants-pour-transformer-sa-posture-et-relancer-son-projet-professionnel\/\" aria-label=\"Leggi tutto TalkTo: potenti soft skills per trasformare la tua postura e sviluppare il tuo piano di carriera\" tabindex=\"-1\" >\n\t\t\tPer saperne di pi\u00f9\t\t<\/a>\n\n\t\t\t\t<\/div>\n\t\t\t\t<\/article>\n\t\t\t\t<article class=\"elementor-post elementor-grid-item post-7238 post type-post status-publish format-standard has-post-thumbnail hentry category-actus category-divers tag-communication tag-emotion tag-prise-de-parole\" role=\"listitem\">\n\t\t\t\t<a class=\"elementor-post__thumbnail__link\" href=\"https:\/\/talk.swiss\/it\/lorganisation-face-a-ses-emotions-un-voyage-initiatique\/\" tabindex=\"-1\" >\n\t\t\t<div class=\"elementor-post__thumbnail\"><img loading=\"lazy\" decoding=\"async\" width=\"1200\" height=\"627\" src=\"https:\/\/talk.swiss\/wp-content\/uploads\/2024\/04\/Visue_blog4.png\" class=\"attachment-full size-full wp-image-7242\" alt=\"\" srcset=\"https:\/\/talk.swiss\/wp-content\/uploads\/2024\/04\/Visue_blog4.png 1200w, https:\/\/talk.swiss\/wp-content\/uploads\/2024\/04\/Visue_blog4-300x157.png 300w, https:\/\/talk.swiss\/wp-content\/uploads\/2024\/04\/Visue_blog4-1024x535.png 1024w, https:\/\/talk.swiss\/wp-content\/uploads\/2024\/04\/Visue_blog4-768x401.png 768w, https:\/\/talk.swiss\/wp-content\/uploads\/2024\/04\/Visue_blog4-18x9.png 18w\" sizes=\"(max-width: 1200px) 100vw, 1200px\" \/><\/div>\n\t\t<\/a>\n\t\t\t\t<div class=\"elementor-post__text\">\n\t\t\t\t<h3 class=\"elementor-post__title\">\n\t\t\t<a href=\"https:\/\/talk.swiss\/it\/lorganisation-face-a-ses-emotions-un-voyage-initiatique\/\" >\n\t\t\t\tL'organizzazione e le sue emozioni: un viaggio di iniziazione\t\t\t<\/a>\n\t\t<\/h3>\n\t\t\t\t<div class=\"elementor-post__meta-data\">\n\t\t\t\t\t<span class=\"elementor-post-date\">\n\t\t\t30\/04\/2024\t\t<\/span>\n\t\t\t\t<\/div>\n\t\t\t\t<div class=\"elementor-post__excerpt\">\n\t\t\t<p>Come si integrano le emozioni nella propria attivit\u00e0? \u00c8 una bella sfida! Eppure, alcune azioni semplici e accessibili possono gi\u00e0 dare il via al processo. E i nostri lontani antenati, impareggiabili narratori che ci hanno tramandato i racconti e i miti che ancora popolano il nostro immaginario collettivo, ci stanno sussurrando una pista promettente. <\/p>\t\t<\/div>\n\t\t\n\t\t<a class=\"elementor-post__read-more\" href=\"https:\/\/talk.swiss\/it\/lorganisation-face-a-ses-emotions-un-voyage-initiatique\/\" aria-label=\"Leggi tutto L&#039;organizzazione e le sue emozioni: un viaggio di iniziazione\" tabindex=\"-1\" >\n\t\t\tPer saperne di pi\u00f9\t\t<\/a>\n\n\t\t\t\t<\/div>\n\t\t\t\t<\/article>\n\t\t\t\t<\/div>\n\t\t\t\t\t<span class=\"e-load-more-spinner\">\n\t\t\t\t<i aria-hidden=\"true\" class=\"fas fa-spinner\"><\/i>\t\t\t<\/span>\n\t\t\n\t\t\t\t<div class=\"e-load-more-anchor\" data-page=\"1\" data-max-page=\"3\" data-next-page=\"https:\/\/talk.swiss\/it\/wp-json\/wp\/v2\/pages\/3077\/page\/2\/\"><\/div>\n\t\t\t\t<div class=\"e-load-more-message\"><\/div>\n\t\t\t\t\t\t<\/div>\n\t\t\t\t<\/div>\n\t\t\t\t<div class=\"elementor-element elementor-element-f9c8cea elementor-widget elementor-widget-spacer\" data-id=\"f9c8cea\" data-element_type=\"widget\" data-e-type=\"widget\" data-widget_type=\"spacer.default\">\n\t\t\t\t<div class=\"elementor-widget-container\">\n\t\t\t\t\t\t\t<div class=\"elementor-spacer\">\n\t\t\t<div class=\"elementor-spacer-inner\"><\/div>\n\t\t<\/div>\n\t\t\t\t\t\t<\/div>\n\t\t\t\t<\/div>\n\t\t\t\t\t<\/div>\n\t\t<\/div>\n\t\t\t\t\t<\/div>\n\t\t<\/section>\n\t\t\t\t<\/div>","protected":false},"excerpt":{"rendered":"<p>Notizie<\/p>","protected":false},"author":12,"featured_media":0,"parent":0,"menu_order":0,"comment_status":"closed","ping_status":"closed","template":"","meta":{"footnotes":""},"class_list":["post-3077","page","type-page","status-publish","hentry"],"yoast_head":"<!-- This site is optimized with the Yoast SEO plugin v28.3 - https:\/\/yoast.com\/product\/yoast-seo-wordpress\/ -->\n<title>Actualit\u00e9s - TALK.SWISS<\/title>\n<meta name=\"robots\" content=\"index, follow, max-snippet:-1, max-image-preview:large, max-video-preview:-1\" \/>\n<link rel=\"canonical\" href=\"https:\/\/talk.swiss\/it\/actualites\/\" \/>\n<meta property=\"og:locale\" content=\"it_IT\" \/>\n<meta property=\"og:type\" content=\"article\" \/>\n<meta property=\"og:title\" content=\"Actualit\u00e9s - TALK.SWISS\" \/>\n<meta property=\"og:description\" content=\"Actualit\u00e9s\" \/>\n<meta property=\"og:url\" content=\"https:\/\/talk.swiss\/it\/actualites\/\" \/>\n<meta property=\"og:site_name\" content=\"TALK.SWISS\" \/>\n<meta property=\"article:modified_time\" content=\"2024-02-19T07:42:16+00:00\" \/>\n<meta name=\"twitter:card\" content=\"summary_large_image\" \/>\n<meta name=\"twitter:label1\" content=\"Tempo di lettura stimato\" \/>\n\t<meta name=\"twitter:data1\" content=\"3 minuti\" \/>\n<script type=\"application\/ld+json\" class=\"yoast-schema-graph\">{\"@context\":\"https:\\\/\\\/schema.org\",\"@graph\":[{\"@type\":\"WebPage\",\"@id\":\"https:\\\/\\\/talk.swiss\\\/actualites\\\/\",\"url\":\"https:\\\/\\\/talk.swiss\\\/actualites\\\/\",\"name\":\"Actualit\u00e9s - TALK.SWISS\",\"isPartOf\":{\"@id\":\"https:\\\/\\\/talk.swiss\\\/#website\"},\"datePublished\":\"2022-12-05T08:08:45+00:00\",\"dateModified\":\"2024-02-19T07:42:16+00:00\",\"breadcrumb\":{\"@id\":\"https:\\\/\\\/talk.swiss\\\/actualites\\\/#breadcrumb\"},\"inLanguage\":\"it-IT\",\"potentialAction\":[{\"@type\":\"ReadAction\",\"target\":[\"https:\\\/\\\/talk.swiss\\\/actualites\\\/\"]}]},{\"@type\":\"BreadcrumbList\",\"@id\":\"https:\\\/\\\/talk.swiss\\\/actualites\\\/#breadcrumb\",\"itemListElement\":[{\"@type\":\"ListItem\",\"position\":1,\"name\":\"Accueil\",\"item\":\"https:\\\/\\\/talk.swiss\\\/\"},{\"@type\":\"ListItem\",\"position\":2,\"name\":\"Actualit\u00e9s\"}]},{\"@type\":\"WebSite\",\"@id\":\"https:\\\/\\\/talk.swiss\\\/#website\",\"url\":\"https:\\\/\\\/talk.swiss\\\/\",\"name\":\"TALK.SWISS\",\"description\":\"Talk, la parole au centre\",\"publisher\":{\"@id\":\"https:\\\/\\\/talk.swiss\\\/#organization\"},\"potentialAction\":[{\"@type\":\"SearchAction\",\"target\":{\"@type\":\"EntryPoint\",\"urlTemplate\":\"https:\\\/\\\/talk.swiss\\\/?s={search_term_string}\"},\"query-input\":{\"@type\":\"PropertyValueSpecification\",\"valueRequired\":true,\"valueName\":\"search_term_string\"}}],\"inLanguage\":\"it-IT\"},{\"@type\":\"Organization\",\"@id\":\"https:\\\/\\\/talk.swiss\\\/#organization\",\"name\":\"TALK.SWISS\",\"url\":\"https:\\\/\\\/talk.swiss\\\/\",\"logo\":{\"@type\":\"ImageObject\",\"inLanguage\":\"it-IT\",\"@id\":\"https:\\\/\\\/talk.swiss\\\/#\\\/schema\\\/logo\\\/image\\\/\",\"url\":\"https:\\\/\\\/talk.swiss\\\/wp-content\\\/uploads\\\/2022\\\/08\\\/cropped-Talk_logo.png\",\"contentUrl\":\"https:\\\/\\\/talk.swiss\\\/wp-content\\\/uploads\\\/2022\\\/08\\\/cropped-Talk_logo.png\",\"width\":400,\"height\":400,\"caption\":\"TALK.SWISS\"},\"image\":{\"@id\":\"https:\\\/\\\/talk.swiss\\\/#\\\/schema\\\/logo\\\/image\\\/\"}}]}<\/script>\n<!-- \/ Yoast SEO plugin. -->","yoast_head_json":{"title":"Notizie - TALK.SWISS","robots":{"index":"index","follow":"follow","max-snippet":"max-snippet:-1","max-image-preview":"max-image-preview:large","max-video-preview":"max-video-preview:-1"},"canonical":"https:\/\/talk.swiss\/it\/actualites\/","og_locale":"it_IT","og_type":"article","og_title":"Actualit\u00e9s - TALK.SWISS","og_description":"Actualit\u00e9s","og_url":"https:\/\/talk.swiss\/it\/actualites\/","og_site_name":"TALK.SWISS","article_modified_time":"2024-02-19T07:42:16+00:00","twitter_card":"summary_large_image","twitter_misc":{"Tempo di lettura stimato":"3 minuti"},"schema":{"@context":"https:\/\/schema.org","@graph":[{"@type":"WebPage","@id":"https:\/\/talk.swiss\/actualites\/","url":"https:\/\/talk.swiss\/actualites\/","name":"Notizie - TALK.SWISS","isPartOf":{"@id":"https:\/\/talk.swiss\/#website"},"datePublished":"2022-12-05T08:08:45+00:00","dateModified":"2024-02-19T07:42:16+00:00","breadcrumb":{"@id":"https:\/\/talk.swiss\/actualites\/#breadcrumb"},"inLanguage":"it-IT","potentialAction":[{"@type":"ReadAction","target":["https:\/\/talk.swiss\/actualites\/"]}]},{"@type":"BreadcrumbList","@id":"https:\/\/talk.swiss\/actualites\/#breadcrumb","itemListElement":[{"@type":"ListItem","position":1,"name":"Accueil","item":"https:\/\/talk.swiss\/"},{"@type":"ListItem","position":2,"name":"Actualit\u00e9s"}]},{"@type":"WebSite","@id":"https:\/\/talk.swiss\/#website","url":"https:\/\/talk.swiss\/","name":"TALK.SWISS","description":"Parlare, la parola al centro","publisher":{"@id":"https:\/\/talk.swiss\/#organization"},"potentialAction":[{"@type":"SearchAction","target":{"@type":"EntryPoint","urlTemplate":"https:\/\/talk.swiss\/?s={search_term_string}"},"query-input":{"@type":"PropertyValueSpecification","valueRequired":true,"valueName":"search_term_string"}}],"inLanguage":"it-IT"},{"@type":"Organization","@id":"https:\/\/talk.swiss\/#organization","name":"TALK.SWISS","url":"https:\/\/talk.swiss\/","logo":{"@type":"ImageObject","inLanguage":"it-IT","@id":"https:\/\/talk.swiss\/#\/schema\/logo\/image\/","url":"https:\/\/talk.swiss\/wp-content\/uploads\/2022\/08\/cropped-Talk_logo.png","contentUrl":"https:\/\/talk.swiss\/wp-content\/uploads\/2022\/08\/cropped-Talk_logo.png","width":400,"height":400,"caption":"TALK.SWISS"},"image":{"@id":"https:\/\/talk.swiss\/#\/schema\/logo\/image\/"}}]}},"_links":{"self":[{"href":"https:\/\/talk.swiss\/it\/wp-json\/wp\/v2\/pages\/3077","targetHints":{"allow":["GET"]}}],"collection":[{"href":"https:\/\/talk.swiss\/it\/wp-json\/wp\/v2\/pages"}],"about":[{"href":"https:\/\/talk.swiss\/it\/wp-json\/wp\/v2\/types\/page"}],"author":[{"embeddable":true,"href":"https:\/\/talk.swiss\/it\/wp-json\/wp\/v2\/users\/12"}],"replies":[{"embeddable":true,"href":"https:\/\/talk.swiss\/it\/wp-json\/wp\/v2\/comments?post=3077"}],"version-history":[{"count":155,"href":"https:\/\/talk.swiss\/it\/wp-json\/wp\/v2\/pages\/3077\/revisions"}],"predecessor-version":[{"id":6878,"href":"https:\/\/talk.swiss\/it\/wp-json\/wp\/v2\/pages\/3077\/revisions\/6878"}],"wp:attachment":[{"href":"https:\/\/talk.swiss\/it\/wp-json\/wp\/v2\/media?parent=3077"}],"curies":[{"name":"wp","href":"https:\/\/api.w.org\/{rel}","templated":true}]}}