{"id":3077,"date":"2022-12-05T09:08:45","date_gmt":"2022-12-05T08:08:45","guid":{"rendered":"https:\/\/talk.swiss\/?page_id=3077"},"modified":"2024-02-19T08:42:16","modified_gmt":"2024-02-19T07:42:16","slug":"actualites","status":"publish","type":"page","link":"https:\/\/talk.swiss\/de\/actualites\/","title":{"rendered":"Nachrichten"},"content":{"rendered":"<div data-elementor-type=\"wp-page\" data-elementor-id=\"3077\" class=\"elementor elementor-3077\" data-elementor-post-type=\"page\">\n\t\t\t\t\t\t<section class=\"elementor-section elementor-top-section elementor-element elementor-element-d4c6604 elementor-section-boxed elementor-section-height-default elementor-section-height-default\" data-id=\"d4c6604\" data-element_type=\"section\" data-e-type=\"section\">\n\t\t\t\t\t\t<div class=\"elementor-container elementor-column-gap-default\">\n\t\t\t\t\t<div class=\"elementor-column elementor-col-100 elementor-top-column elementor-element elementor-element-1d5c2d3\" data-id=\"1d5c2d3\" data-element_type=\"column\" data-e-type=\"column\">\n\t\t\t<div class=\"elementor-widget-wrap elementor-element-populated\">\n\t\t\t\t\t\t<div class=\"elementor-element elementor-element-ac536b5 elementor-widget elementor-widget-heading\" data-id=\"ac536b5\" data-element_type=\"widget\" data-e-type=\"widget\" data-widget_type=\"heading.default\">\n\t\t\t\t<div class=\"elementor-widget-container\">\n\t\t\t\t\t<h2 class=\"elementor-heading-title elementor-size-default\">Nachrichten<\/h2>\t\t\t\t<\/div>\n\t\t\t\t<\/div>\n\t\t\t\t<div class=\"elementor-element elementor-element-005d9e2 elementor-nav-menu--dropdown-tablet elementor-nav-menu__text-align-aside elementor-nav-menu--toggle elementor-nav-menu--burger elementor-widget elementor-widget-nav-menu\" data-id=\"005d9e2\" data-element_type=\"widget\" data-e-type=\"widget\" data-settings=\"{&quot;layout&quot;:&quot;horizontal&quot;,&quot;submenu_icon&quot;:{&quot;value&quot;:&quot;&lt;i class=\\&quot;fas fa-caret-down\\&quot; aria-hidden=\\&quot;true\\&quot;&gt;&lt;\\\/i&gt;&quot;,&quot;library&quot;:&quot;fa-solid&quot;},&quot;toggle&quot;:&quot;burger&quot;}\" data-widget_type=\"nav-menu.default\">\n\t\t\t\t<div class=\"elementor-widget-container\">\n\t\t\t\t\t\t\t\t<nav aria-label=\"Men\u00fc\" class=\"elementor-nav-menu--main elementor-nav-menu__container elementor-nav-menu--layout-horizontal e--pointer-underline e--animation-fade\">\n\t\t\t\t<ul id=\"menu-1-005d9e2\" class=\"elementor-nav-menu\"><li class=\"menu-item menu-item-type-custom menu-item-object-custom menu-item-6679\"><a href=\"https:\/\/talk.swiss\/de\/actualites\/\" class=\"elementor-item\">Alles sehen<\/a><\/li>\n<li class=\"menu-item menu-item-type-taxonomy menu-item-object-category menu-item-6641\"><a href=\"https:\/\/talk.swiss\/de\/category\/actus\/\" class=\"elementor-item\">Blog<\/a><\/li>\n<li class=\"menu-item menu-item-type-taxonomy menu-item-object-category menu-item-6642\"><a href=\"https:\/\/talk.swiss\/de\/category\/medias\/\" class=\"elementor-item\">Medien<\/a><\/li>\n<\/ul>\t\t\t<\/nav>\n\t\t\t\t\t<div class=\"elementor-menu-toggle\" role=\"button\" tabindex=\"0\" aria-label=\"Toggle-Men\u00fc\" aria-expanded=\"false\">\n\t\t\t<i aria-hidden=\"true\" role=\"presentation\" class=\"elementor-menu-toggle__icon--open eicon-menu-bar\"><\/i><i aria-hidden=\"true\" role=\"presentation\" class=\"elementor-menu-toggle__icon--close eicon-close\"><\/i>\t\t<\/div>\n\t\t\t\t\t<nav class=\"elementor-nav-menu--dropdown elementor-nav-menu__container\" aria-hidden=\"true\">\n\t\t\t\t<ul id=\"menu-2-005d9e2\" class=\"elementor-nav-menu\"><li class=\"menu-item menu-item-type-custom menu-item-object-custom menu-item-6679\"><a href=\"https:\/\/talk.swiss\/de\/actualites\/\" class=\"elementor-item\" tabindex=\"-1\">Alles sehen<\/a><\/li>\n<li class=\"menu-item menu-item-type-taxonomy menu-item-object-category menu-item-6641\"><a href=\"https:\/\/talk.swiss\/de\/category\/actus\/\" class=\"elementor-item\" tabindex=\"-1\">Blog<\/a><\/li>\n<li class=\"menu-item menu-item-type-taxonomy menu-item-object-category menu-item-6642\"><a href=\"https:\/\/talk.swiss\/de\/category\/medias\/\" class=\"elementor-item\" tabindex=\"-1\">Medien<\/a><\/li>\n<\/ul>\t\t\t<\/nav>\n\t\t\t\t\t\t<\/div>\n\t\t\t\t<\/div>\n\t\t\t\t<div class=\"elementor-element elementor-element-a46be57 elementor-grid-3 elementor-grid-tablet-2 elementor-grid-mobile-1 elementor-posts--thumbnail-top elementor-widget elementor-widget-posts\" data-id=\"a46be57\" data-element_type=\"widget\" data-e-type=\"widget\" data-settings=\"{&quot;pagination_type&quot;:&quot;load_more_infinite_scroll&quot;,&quot;classic_masonry&quot;:&quot;yes&quot;,&quot;classic_columns&quot;:&quot;3&quot;,&quot;classic_columns_tablet&quot;:&quot;2&quot;,&quot;classic_columns_mobile&quot;:&quot;1&quot;,&quot;classic_row_gap&quot;:{&quot;unit&quot;:&quot;px&quot;,&quot;size&quot;:35,&quot;sizes&quot;:[]},&quot;classic_row_gap_tablet_extra&quot;:{&quot;unit&quot;:&quot;px&quot;,&quot;size&quot;:&quot;&quot;,&quot;sizes&quot;:[]},&quot;classic_row_gap_tablet&quot;:{&quot;unit&quot;:&quot;px&quot;,&quot;size&quot;:&quot;&quot;,&quot;sizes&quot;:[]},&quot;classic_row_gap_mobile_extra&quot;:{&quot;unit&quot;:&quot;px&quot;,&quot;size&quot;:&quot;&quot;,&quot;sizes&quot;:[]},&quot;classic_row_gap_mobile&quot;:{&quot;unit&quot;:&quot;px&quot;,&quot;size&quot;:&quot;&quot;,&quot;sizes&quot;:[]},&quot;load_more_spinner&quot;:{&quot;value&quot;:&quot;fas fa-spinner&quot;,&quot;library&quot;:&quot;fa-solid&quot;}}\" data-widget_type=\"posts.classic\">\n\t\t\t\t<div class=\"elementor-widget-container\">\n\t\t\t\t\t\t\t<div class=\"elementor-posts-container elementor-posts elementor-posts--skin-classic elementor-grid\" role=\"list\">\n\t\t\t\t<article class=\"elementor-post elementor-grid-item post-8563 post type-post status-publish format-standard has-post-thumbnail hentry category-actus category-divers tag-communication tag-emotion tag-prise-de-parole\" role=\"listitem\">\n\t\t\t\t<a class=\"elementor-post__thumbnail__link\" href=\"https:\/\/talk.swiss\/de\/mesurer-pour-progresser-pourquoi-lobjectivite-change-tout-en-communication\/\" tabindex=\"-1\" >\n\t\t\t<div class=\"elementor-post__thumbnail\"><img fetchpriority=\"high\" decoding=\"async\" width=\"1000\" height=\"563\" src=\"https:\/\/talk.swiss\/wp-content\/uploads\/2026\/03\/group-people-with-laptops.jpg\" class=\"attachment-full size-full wp-image-8607\" alt=\"\" srcset=\"https:\/\/talk.swiss\/wp-content\/uploads\/2026\/03\/group-people-with-laptops.jpg 1000w, https:\/\/talk.swiss\/wp-content\/uploads\/2026\/03\/group-people-with-laptops-300x169.jpg 300w, https:\/\/talk.swiss\/wp-content\/uploads\/2026\/03\/group-people-with-laptops-768x432.jpg 768w, https:\/\/talk.swiss\/wp-content\/uploads\/2026\/03\/group-people-with-laptops-18x10.jpg 18w\" sizes=\"(max-width: 1000px) 100vw, 1000px\" \/><\/div>\n\t\t<\/a>\n\t\t\t\t<div class=\"elementor-post__text\">\n\t\t\t\t<h3 class=\"elementor-post__title\">\n\t\t\t<a href=\"https:\/\/talk.swiss\/de\/mesurer-pour-progresser-pourquoi-lobjectivite-change-tout-en-communication\/\" >\n\t\t\t\tMessen, um Fortschritte zu machen: Warum Objektivit\u00e4t in der Kommunikation alles ver\u00e4ndert\t\t\t<\/a>\n\t\t<\/h3>\n\t\t\t\t<div class=\"elementor-post__meta-data\">\n\t\t\t\t\t<span class=\"elementor-post-date\">\n\t\t\t24\/03\/2026\t\t<\/span>\n\t\t\t\t<\/div>\n\t\t\t\t<div class=\"elementor-post__excerpt\">\n\t\t\t<p>Sich zu verbessern, ohne zu messen, bedeutet, ohne Kompass zu navigieren.<br \/> Man kann Fortschritte machen, seine Erfahrungen vervielfachen und sich aufrichtig bem\u00fchen, ohne jemals genau zu wissen, in welche Richtung man sich bewegt und wie schnell man vorankommt. Das ist das historische Problem der Kommunikation und im weiteren Sinne der Soft Skills. <\/p> <p>In diesem Bereich bleibt der Fortschritt aus zwei strukturellen Gr\u00fcnden schwierig. <\/p>\t\t<\/div>\n\t\t\n\t\t<a class=\"elementor-post__read-more\" href=\"https:\/\/talk.swiss\/de\/mesurer-pour-progresser-pourquoi-lobjectivite-change-tout-en-communication\/\" aria-label=\"Read more about Mesurer pour progresser : pourquoi l\u2019objectivit\u00e9 change tout en communication\" tabindex=\"-1\" >\n\t\t\tMehr erfahren\t\t<\/a>\n\n\t\t\t\t<\/div>\n\t\t\t\t<\/article>\n\t\t\t\t<article class=\"elementor-post elementor-grid-item post-8512 post type-post status-publish format-standard has-post-thumbnail hentry category-actus category-divers tag-communication tag-emotion tag-prise-de-parole\" role=\"listitem\">\n\t\t\t\t<a class=\"elementor-post__thumbnail__link\" href=\"https:\/\/talk.swiss\/de\/talkto-retrouver-confiance-liberer-sa-parole\/\" tabindex=\"-1\" >\n\t\t\t<div class=\"elementor-post__thumbnail\"><img decoding=\"async\" width=\"2560\" height=\"1435\" src=\"https:\/\/talk.swiss\/wp-content\/uploads\/2025\/12\/talk_bg-scaled.jpg\" class=\"attachment-full size-full wp-image-8541\" alt=\"\" srcset=\"https:\/\/talk.swiss\/wp-content\/uploads\/2025\/12\/talk_bg-scaled.jpg 2560w, https:\/\/talk.swiss\/wp-content\/uploads\/2025\/12\/talk_bg-300x168.jpg 300w, https:\/\/talk.swiss\/wp-content\/uploads\/2025\/12\/talk_bg-1024x574.jpg 1024w, https:\/\/talk.swiss\/wp-content\/uploads\/2025\/12\/talk_bg-768x430.jpg 768w, https:\/\/talk.swiss\/wp-content\/uploads\/2025\/12\/talk_bg-1536x861.jpg 1536w, https:\/\/talk.swiss\/wp-content\/uploads\/2025\/12\/talk_bg-2048x1148.jpg 2048w, https:\/\/talk.swiss\/wp-content\/uploads\/2025\/12\/talk_bg-18x10.jpg 18w\" sizes=\"(max-width: 2560px) 100vw, 2560px\" \/><\/div>\n\t\t<\/a>\n\t\t\t\t<div class=\"elementor-post__text\">\n\t\t\t\t<h3 class=\"elementor-post__title\">\n\t\t\t<a href=\"https:\/\/talk.swiss\/de\/talkto-retrouver-confiance-liberer-sa-parole\/\" >\n\t\t\t\tTalkTo: Selbstvertrauen zur\u00fcckgewinnen, sich frei \u00e4u\u00dfern k\u00f6nnen\t\t\t<\/a>\n\t\t<\/h3>\n\t\t\t\t<div class=\"elementor-post__meta-data\">\n\t\t\t\t\t<span class=\"elementor-post-date\">\n\t\t\t04\/12\/2025\t\t<\/span>\n\t\t\t\t<\/div>\n\t\t\t\t<div class=\"elementor-post__excerpt\">\n\t\t\t<p>Den Kreis schlie\u00dfen: Das Wort haben diejenigen, die diese Erfahrung gemacht haben <\/p> <p>Im Rahmen unserer Interviewreihe mit ehemaligen Teilnehmern des TalkTo-Programms haben wir Baptiste und \u00c9ric getroffen, zwei Fachleute, die im vergangenen Fr\u00fchjahr zwischen April und Juni an der Schulung teilgenommen haben. <\/p>\t\t<\/div>\n\t\t\n\t\t<a class=\"elementor-post__read-more\" href=\"https:\/\/talk.swiss\/de\/talkto-retrouver-confiance-liberer-sa-parole\/\" aria-label=\"Read more about TalkTo : retrouver confiance, lib\u00e9rer sa parole\" tabindex=\"-1\" >\n\t\t\tMehr erfahren\t\t<\/a>\n\n\t\t\t\t<\/div>\n\t\t\t\t<\/article>\n\t\t\t\t<article class=\"elementor-post elementor-grid-item post-8442 post type-post status-publish format-standard has-post-thumbnail hentry category-actus category-divers tag-communication tag-emotion tag-prise-de-parole\" role=\"listitem\">\n\t\t\t\t<a class=\"elementor-post__thumbnail__link\" href=\"https:\/\/talk.swiss\/de\/talk-a-lehl-quand-la-parole-devient-une-force-de-leadership\/\" tabindex=\"-1\" >\n\t\t\t<div class=\"elementor-post__thumbnail\"><img decoding=\"async\" width=\"2000\" height=\"1073\" src=\"https:\/\/talk.swiss\/wp-content\/uploads\/2025\/10\/pexels-diva-plavalaguna-6147031-1.jpg\" class=\"attachment-full size-full wp-image-8478\" alt=\"\" srcset=\"https:\/\/talk.swiss\/wp-content\/uploads\/2025\/10\/pexels-diva-plavalaguna-6147031-1.jpg 2000w, https:\/\/talk.swiss\/wp-content\/uploads\/2025\/10\/pexels-diva-plavalaguna-6147031-1-300x161.jpg 300w, https:\/\/talk.swiss\/wp-content\/uploads\/2025\/10\/pexels-diva-plavalaguna-6147031-1-1024x549.jpg 1024w, https:\/\/talk.swiss\/wp-content\/uploads\/2025\/10\/pexels-diva-plavalaguna-6147031-1-768x412.jpg 768w, https:\/\/talk.swiss\/wp-content\/uploads\/2025\/10\/pexels-diva-plavalaguna-6147031-1-1536x824.jpg 1536w, https:\/\/talk.swiss\/wp-content\/uploads\/2025\/10\/pexels-diva-plavalaguna-6147031-1-18x10.jpg 18w\" sizes=\"(max-width: 2000px) 100vw, 2000px\" \/><\/div>\n\t\t<\/a>\n\t\t\t\t<div class=\"elementor-post__text\">\n\t\t\t\t<h3 class=\"elementor-post__title\">\n\t\t\t<a href=\"https:\/\/talk.swiss\/de\/talk-a-lehl-quand-la-parole-devient-une-force-de-leadership\/\" >\n\t\t\t\tTALK an der EHL: Wenn das Wort zur F\u00fchrungsst\u00e4rke wird\t\t\t<\/a>\n\t\t<\/h3>\n\t\t\t\t<div class=\"elementor-post__meta-data\">\n\t\t\t\t\t<span class=\"elementor-post-date\">\n\t\t\t23\/10\/2025\t\t<\/span>\n\t\t\t\t<\/div>\n\t\t\t\t<div class=\"elementor-post__excerpt\">\n\t\t\t<p>An der \u00c9cole H\u00f4teli\u00e8re de Lausanne f\u00fchrt TALK seit mehreren Jahren neuartige Masterclasses durch, die dem Sprechen und der F\u00fchrung gewidmet sind. W\u00e4hrend zwei Tagen auf dem Campus, zehn Tagen in digitaler Form und einer abschlie\u00dfenden Pr\u00e4sentation durchlaufen die Teilnehmer\/innen einen transformativen Parcours. <\/p>\t\t<\/div>\n\t\t\n\t\t<a class=\"elementor-post__read-more\" href=\"https:\/\/talk.swiss\/de\/talk-a-lehl-quand-la-parole-devient-une-force-de-leadership\/\" aria-label=\"Read more about TALK \u00e0 l\u2019EHL : quand la parole devient une force de leadership\" tabindex=\"-1\" >\n\t\t\tMehr erfahren\t\t<\/a>\n\n\t\t\t\t<\/div>\n\t\t\t\t<\/article>\n\t\t\t\t<article class=\"elementor-post elementor-grid-item post-8386 post type-post status-publish format-standard has-post-thumbnail hentry category-actus category-divers tag-communication tag-emotion tag-prise-de-parole\" role=\"listitem\">\n\t\t\t\t<a class=\"elementor-post__thumbnail__link\" href=\"https:\/\/talk.swiss\/de\/talkto-eveiller-sa-communication-et-sa-confiance-grace-a-lelan-du-collectif-et-de-lhumain\/\" tabindex=\"-1\" >\n\t\t\t<div class=\"elementor-post__thumbnail\"><img loading=\"lazy\" decoding=\"async\" width=\"1200\" height=\"627\" src=\"https:\/\/talk.swiss\/wp-content\/uploads\/2024\/04\/Visuel_blog_LS.jpg\" class=\"attachment-full size-full wp-image-7084\" alt=\"\" srcset=\"https:\/\/talk.swiss\/wp-content\/uploads\/2024\/04\/Visuel_blog_LS.jpg 1200w, https:\/\/talk.swiss\/wp-content\/uploads\/2024\/04\/Visuel_blog_LS-300x157.jpg 300w, https:\/\/talk.swiss\/wp-content\/uploads\/2024\/04\/Visuel_blog_LS-1024x535.jpg 1024w, https:\/\/talk.swiss\/wp-content\/uploads\/2024\/04\/Visuel_blog_LS-768x401.jpg 768w, https:\/\/talk.swiss\/wp-content\/uploads\/2024\/04\/Visuel_blog_LS-18x9.jpg 18w\" sizes=\"(max-width: 1200px) 100vw, 1200px\" \/><\/div>\n\t\t<\/a>\n\t\t\t\t<div class=\"elementor-post__text\">\n\t\t\t\t<h3 class=\"elementor-post__title\">\n\t\t\t<a href=\"https:\/\/talk.swiss\/de\/talkto-eveiller-sa-communication-et-sa-confiance-grace-a-lelan-du-collectif-et-de-lhumain\/\" >\n\t\t\t\tTalkTo: Erwecken Sie Ihre Kommunikation und Ihr Vertrauen durch den Schwung des Kollektiven und des Menschlichen.\t\t\t<\/a>\n\t\t<\/h3>\n\t\t\t\t<div class=\"elementor-post__meta-data\">\n\t\t\t\t\t<span class=\"elementor-post-date\">\n\t\t\t02\/09\/2025\t\t<\/span>\n\t\t\t\t<\/div>\n\t\t\t\t<div class=\"elementor-post__excerpt\">\n\t\t\t<p>Emotionen werden im beruflichen Kontext oft als unangemessen empfunden. Emotionale Intelligenz erm\u00f6glicht es jedoch, viele Vorteile aus ihnen zu ziehen.<\/p>\t\t<\/div>\n\t\t\n\t\t<a class=\"elementor-post__read-more\" href=\"https:\/\/talk.swiss\/de\/talkto-eveiller-sa-communication-et-sa-confiance-grace-a-lelan-du-collectif-et-de-lhumain\/\" aria-label=\"Read more about TalkTo : \u00e9veiller sa communication et sa confiance gr\u00e2ce \u00e0 l\u2019\u00e9lan du collectif et de l\u2019humain\" tabindex=\"-1\" >\n\t\t\tMehr erfahren\t\t<\/a>\n\n\t\t\t\t<\/div>\n\t\t\t\t<\/article>\n\t\t\t\t<article class=\"elementor-post elementor-grid-item post-8170 post type-post status-publish format-standard has-post-thumbnail hentry category-actus category-divers tag-communication tag-emotion tag-prise-de-parole\" role=\"listitem\">\n\t\t\t\t<a class=\"elementor-post__thumbnail__link\" href=\"https:\/\/talk.swiss\/de\/talkto-des-soft-skills-puissants-pour-transformer-sa-posture-et-relancer-son-projet-professionnel\/\" tabindex=\"-1\" >\n\t\t\t<div class=\"elementor-post__thumbnail\"><img loading=\"lazy\" decoding=\"async\" width=\"2560\" height=\"1440\" src=\"https:\/\/talk.swiss\/wp-content\/uploads\/2025\/05\/TALK-IMG-35-1-scaled.jpg\" class=\"attachment-full size-full wp-image-8210\" alt=\"\" srcset=\"https:\/\/talk.swiss\/wp-content\/uploads\/2025\/05\/TALK-IMG-35-1-scaled.jpg 2560w, https:\/\/talk.swiss\/wp-content\/uploads\/2025\/05\/TALK-IMG-35-1-300x169.jpg 300w, https:\/\/talk.swiss\/wp-content\/uploads\/2025\/05\/TALK-IMG-35-1-1024x576.jpg 1024w\" sizes=\"(max-width: 2560px) 100vw, 2560px\" \/><\/div>\n\t\t<\/a>\n\t\t\t\t<div class=\"elementor-post__text\">\n\t\t\t\t<h3 class=\"elementor-post__title\">\n\t\t\t<a href=\"https:\/\/talk.swiss\/de\/talkto-des-soft-skills-puissants-pour-transformer-sa-posture-et-relancer-son-projet-professionnel\/\" >\n\t\t\t\tTalkTo: Starke Soft Skills zur Ver\u00e4nderung der K\u00f6rperhaltung und zur Entwicklung des Berufswunsches\t\t\t<\/a>\n\t\t<\/h3>\n\t\t\t\t<div class=\"elementor-post__meta-data\">\n\t\t\t\t\t<span class=\"elementor-post-date\">\n\t\t\t18\/05\/2025\t\t<\/span>\n\t\t\t\t<\/div>\n\t\t\t\t<div class=\"elementor-post__excerpt\">\n\t\t\t<p>TalkTo ist ein intensives Programm, das konkrete Werkzeuge vermittelt, um die wichtigsten Soft Skills zu entwickeln: Klarheit, Pr\u00e4senz, Wirkung in Beziehungen, emotionale Intelligenz.<\/p>\t\t<\/div>\n\t\t\n\t\t<a class=\"elementor-post__read-more\" href=\"https:\/\/talk.swiss\/de\/talkto-des-soft-skills-puissants-pour-transformer-sa-posture-et-relancer-son-projet-professionnel\/\" aria-label=\"Read more about TalkTo: Starke Soft Skills zur Ver\u00e4nderung der K\u00f6rperhaltung und zur Entwicklung des Berufswunsches\" tabindex=\"-1\" >\n\t\t\tMehr erfahren\t\t<\/a>\n\n\t\t\t\t<\/div>\n\t\t\t\t<\/article>\n\t\t\t\t<article class=\"elementor-post elementor-grid-item post-7238 post type-post status-publish format-standard has-post-thumbnail hentry category-actus category-divers tag-communication tag-emotion tag-prise-de-parole\" role=\"listitem\">\n\t\t\t\t<a class=\"elementor-post__thumbnail__link\" href=\"https:\/\/talk.swiss\/de\/lorganisation-face-a-ses-emotions-un-voyage-initiatique\/\" tabindex=\"-1\" >\n\t\t\t<div class=\"elementor-post__thumbnail\"><img loading=\"lazy\" decoding=\"async\" width=\"1200\" height=\"627\" src=\"https:\/\/talk.swiss\/wp-content\/uploads\/2024\/04\/Visue_blog4.png\" class=\"attachment-full size-full wp-image-7242\" alt=\"\" srcset=\"https:\/\/talk.swiss\/wp-content\/uploads\/2024\/04\/Visue_blog4.png 1200w, https:\/\/talk.swiss\/wp-content\/uploads\/2024\/04\/Visue_blog4-300x157.png 300w, https:\/\/talk.swiss\/wp-content\/uploads\/2024\/04\/Visue_blog4-1024x535.png 1024w, https:\/\/talk.swiss\/wp-content\/uploads\/2024\/04\/Visue_blog4-768x401.png 768w, https:\/\/talk.swiss\/wp-content\/uploads\/2024\/04\/Visue_blog4-18x9.png 18w\" sizes=\"(max-width: 1200px) 100vw, 1200px\" \/><\/div>\n\t\t<\/a>\n\t\t\t\t<div class=\"elementor-post__text\">\n\t\t\t\t<h3 class=\"elementor-post__title\">\n\t\t\t<a href=\"https:\/\/talk.swiss\/de\/lorganisation-face-a-ses-emotions-un-voyage-initiatique\/\" >\n\t\t\t\tDie Organisation im Umgang mit ihren Emotionen: eine Initiationsreise\t\t\t<\/a>\n\t\t<\/h3>\n\t\t\t\t<div class=\"elementor-post__meta-data\">\n\t\t\t\t\t<span class=\"elementor-post-date\">\n\t\t\t30\/04\/2024\t\t<\/span>\n\t\t\t\t<\/div>\n\t\t\t\t<div class=\"elementor-post__excerpt\">\n\t\t\t<p>Wie kann man Emotionen in sein Unternehmen integrieren? Das ist eine gro\u00dfe Herausforderung! Doch schon mit einigen einfachen und zug\u00e4nglichen Ma\u00dfnahmen l\u00e4sst sich eine konkrete und tragende Arbeit einleiten. Und unsere fernen Vorfahren, die uns als hervorragende Geschichtenerz\u00e4hler Geschichten und Mythen \u00fcberliefert haben, die noch heute unsere kollektive Vorstellungswelt bev\u00f6lkern, fl\u00fcstern uns eine vielversprechende Spur zu. <\/p>\t\t<\/div>\n\t\t\n\t\t<a class=\"elementor-post__read-more\" href=\"https:\/\/talk.swiss\/de\/lorganisation-face-a-ses-emotions-un-voyage-initiatique\/\" aria-label=\"Read more about Die Organisation im Angesicht ihrer Emotionen: eine Initiationsreise\" tabindex=\"-1\" >\n\t\t\tMehr erfahren\t\t<\/a>\n\n\t\t\t\t<\/div>\n\t\t\t\t<\/article>\n\t\t\t\t<\/div>\n\t\t\t\t\t<span class=\"e-load-more-spinner\">\n\t\t\t\t<i aria-hidden=\"true\" class=\"fas fa-spinner\"><\/i>\t\t\t<\/span>\n\t\t\n\t\t\t\t<div class=\"e-load-more-anchor\" data-page=\"1\" data-max-page=\"3\" data-next-page=\"https:\/\/talk.swiss\/de\/wp-json\/wp\/v2\/pages\/3077\/page\/2\/\"><\/div>\n\t\t\t\t<div class=\"e-load-more-message\"><\/div>\n\t\t\t\t\t\t<\/div>\n\t\t\t\t<\/div>\n\t\t\t\t<div class=\"elementor-element elementor-element-f9c8cea elementor-widget elementor-widget-spacer\" data-id=\"f9c8cea\" data-element_type=\"widget\" data-e-type=\"widget\" data-widget_type=\"spacer.default\">\n\t\t\t\t<div class=\"elementor-widget-container\">\n\t\t\t\t\t\t\t<div class=\"elementor-spacer\">\n\t\t\t<div class=\"elementor-spacer-inner\"><\/div>\n\t\t<\/div>\n\t\t\t\t\t\t<\/div>\n\t\t\t\t<\/div>\n\t\t\t\t\t<\/div>\n\t\t<\/div>\n\t\t\t\t\t<\/div>\n\t\t<\/section>\n\t\t\t\t<\/div>","protected":false},"excerpt":{"rendered":"<p>Nachrichten<\/p>","protected":false},"author":12,"featured_media":0,"parent":0,"menu_order":0,"comment_status":"closed","ping_status":"closed","template":"","meta":{"footnotes":""},"class_list":["post-3077","page","type-page","status-publish","hentry"],"yoast_head":"<!-- This site is optimized with the Yoast SEO plugin v28.3 - https:\/\/yoast.com\/product\/yoast-seo-wordpress\/ -->\n<title>Actualit\u00e9s - TALK.SWISS<\/title>\n<meta name=\"robots\" content=\"index, follow, max-snippet:-1, max-image-preview:large, max-video-preview:-1\" \/>\n<link rel=\"canonical\" href=\"https:\/\/talk.swiss\/de\/actualites\/\" \/>\n<meta property=\"og:locale\" content=\"de_DE\" \/>\n<meta property=\"og:type\" content=\"article\" \/>\n<meta property=\"og:title\" content=\"Actualit\u00e9s - TALK.SWISS\" \/>\n<meta property=\"og:description\" content=\"Actualit\u00e9s\" \/>\n<meta property=\"og:url\" content=\"https:\/\/talk.swiss\/de\/actualites\/\" \/>\n<meta property=\"og:site_name\" content=\"TALK.SWISS\" \/>\n<meta property=\"article:modified_time\" content=\"2024-02-19T07:42:16+00:00\" \/>\n<meta name=\"twitter:card\" content=\"summary_large_image\" \/>\n<meta name=\"twitter:label1\" content=\"Gesch\u00e4tzte Lesezeit\" \/>\n\t<meta name=\"twitter:data1\" content=\"3\u00a0Minuten\" \/>\n<script type=\"application\/ld+json\" class=\"yoast-schema-graph\">{\"@context\":\"https:\\\/\\\/schema.org\",\"@graph\":[{\"@type\":\"WebPage\",\"@id\":\"https:\\\/\\\/talk.swiss\\\/actualites\\\/\",\"url\":\"https:\\\/\\\/talk.swiss\\\/actualites\\\/\",\"name\":\"Actualit\u00e9s - TALK.SWISS\",\"isPartOf\":{\"@id\":\"https:\\\/\\\/talk.swiss\\\/#website\"},\"datePublished\":\"2022-12-05T08:08:45+00:00\",\"dateModified\":\"2024-02-19T07:42:16+00:00\",\"breadcrumb\":{\"@id\":\"https:\\\/\\\/talk.swiss\\\/actualites\\\/#breadcrumb\"},\"inLanguage\":\"de-CH\",\"potentialAction\":[{\"@type\":\"ReadAction\",\"target\":[\"https:\\\/\\\/talk.swiss\\\/actualites\\\/\"]}]},{\"@type\":\"BreadcrumbList\",\"@id\":\"https:\\\/\\\/talk.swiss\\\/actualites\\\/#breadcrumb\",\"itemListElement\":[{\"@type\":\"ListItem\",\"position\":1,\"name\":\"Accueil\",\"item\":\"https:\\\/\\\/talk.swiss\\\/\"},{\"@type\":\"ListItem\",\"position\":2,\"name\":\"Actualit\u00e9s\"}]},{\"@type\":\"WebSite\",\"@id\":\"https:\\\/\\\/talk.swiss\\\/#website\",\"url\":\"https:\\\/\\\/talk.swiss\\\/\",\"name\":\"TALK.SWISS\",\"description\":\"Talk, la parole au centre\",\"publisher\":{\"@id\":\"https:\\\/\\\/talk.swiss\\\/#organization\"},\"potentialAction\":[{\"@type\":\"SearchAction\",\"target\":{\"@type\":\"EntryPoint\",\"urlTemplate\":\"https:\\\/\\\/talk.swiss\\\/?s={search_term_string}\"},\"query-input\":{\"@type\":\"PropertyValueSpecification\",\"valueRequired\":true,\"valueName\":\"search_term_string\"}}],\"inLanguage\":\"de-CH\"},{\"@type\":\"Organization\",\"@id\":\"https:\\\/\\\/talk.swiss\\\/#organization\",\"name\":\"TALK.SWISS\",\"url\":\"https:\\\/\\\/talk.swiss\\\/\",\"logo\":{\"@type\":\"ImageObject\",\"inLanguage\":\"de-CH\",\"@id\":\"https:\\\/\\\/talk.swiss\\\/#\\\/schema\\\/logo\\\/image\\\/\",\"url\":\"https:\\\/\\\/talk.swiss\\\/wp-content\\\/uploads\\\/2022\\\/08\\\/cropped-Talk_logo.png\",\"contentUrl\":\"https:\\\/\\\/talk.swiss\\\/wp-content\\\/uploads\\\/2022\\\/08\\\/cropped-Talk_logo.png\",\"width\":400,\"height\":400,\"caption\":\"TALK.SWISS\"},\"image\":{\"@id\":\"https:\\\/\\\/talk.swiss\\\/#\\\/schema\\\/logo\\\/image\\\/\"}}]}<\/script>\n<!-- \/ Yoast SEO plugin. -->","yoast_head_json":{"title":"Aktuelles - TALK.SWISS","robots":{"index":"index","follow":"follow","max-snippet":"max-snippet:-1","max-image-preview":"max-image-preview:large","max-video-preview":"max-video-preview:-1"},"canonical":"https:\/\/talk.swiss\/de\/actualites\/","og_locale":"de_DE","og_type":"article","og_title":"Actualit\u00e9s - TALK.SWISS","og_description":"Actualit\u00e9s","og_url":"https:\/\/talk.swiss\/de\/actualites\/","og_site_name":"TALK.SWISS","article_modified_time":"2024-02-19T07:42:16+00:00","twitter_card":"summary_large_image","twitter_misc":{"Gesch\u00e4tzte Lesezeit":"3\u00a0Minuten"},"schema":{"@context":"https:\/\/schema.org","@graph":[{"@type":"WebPage","@id":"https:\/\/talk.swiss\/actualites\/","url":"https:\/\/talk.swiss\/actualites\/","name":"Aktuelles - TALK.SWISS","isPartOf":{"@id":"https:\/\/talk.swiss\/#website"},"datePublished":"2022-12-05T08:08:45+00:00","dateModified":"2024-02-19T07:42:16+00:00","breadcrumb":{"@id":"https:\/\/talk.swiss\/actualites\/#breadcrumb"},"inLanguage":"de-CH","potentialAction":[{"@type":"ReadAction","target":["https:\/\/talk.swiss\/actualites\/"]}]},{"@type":"BreadcrumbList","@id":"https:\/\/talk.swiss\/actualites\/#breadcrumb","itemListElement":[{"@type":"ListItem","position":1,"name":"Accueil","item":"https:\/\/talk.swiss\/"},{"@type":"ListItem","position":2,"name":"Actualit\u00e9s"}]},{"@type":"WebSite","@id":"https:\/\/talk.swiss\/#website","url":"https:\/\/talk.swiss\/","name":"TALK.SWISS","description":"Talk, das Wort im Mittelpunkt","publisher":{"@id":"https:\/\/talk.swiss\/#organization"},"potentialAction":[{"@type":"SearchAction","target":{"@type":"EntryPoint","urlTemplate":"https:\/\/talk.swiss\/?s={search_term_string}"},"query-input":{"@type":"PropertyValueSpecification","valueRequired":true,"valueName":"search_term_string"}}],"inLanguage":"de-CH"},{"@type":"Organization","@id":"https:\/\/talk.swiss\/#organization","name":"TALK.SWISS","url":"https:\/\/talk.swiss\/","logo":{"@type":"ImageObject","inLanguage":"de-CH","@id":"https:\/\/talk.swiss\/#\/schema\/logo\/image\/","url":"https:\/\/talk.swiss\/wp-content\/uploads\/2022\/08\/cropped-Talk_logo.png","contentUrl":"https:\/\/talk.swiss\/wp-content\/uploads\/2022\/08\/cropped-Talk_logo.png","width":400,"height":400,"caption":"TALK.SWISS"},"image":{"@id":"https:\/\/talk.swiss\/#\/schema\/logo\/image\/"}}]}},"_links":{"self":[{"href":"https:\/\/talk.swiss\/de\/wp-json\/wp\/v2\/pages\/3077","targetHints":{"allow":["GET"]}}],"collection":[{"href":"https:\/\/talk.swiss\/de\/wp-json\/wp\/v2\/pages"}],"about":[{"href":"https:\/\/talk.swiss\/de\/wp-json\/wp\/v2\/types\/page"}],"author":[{"embeddable":true,"href":"https:\/\/talk.swiss\/de\/wp-json\/wp\/v2\/users\/12"}],"replies":[{"embeddable":true,"href":"https:\/\/talk.swiss\/de\/wp-json\/wp\/v2\/comments?post=3077"}],"version-history":[{"count":155,"href":"https:\/\/talk.swiss\/de\/wp-json\/wp\/v2\/pages\/3077\/revisions"}],"predecessor-version":[{"id":6878,"href":"https:\/\/talk.swiss\/de\/wp-json\/wp\/v2\/pages\/3077\/revisions\/6878"}],"wp:attachment":[{"href":"https:\/\/talk.swiss\/de\/wp-json\/wp\/v2\/media?parent=3077"}],"curies":[{"name":"wp","href":"https:\/\/api.w.org\/{rel}","templated":true}]}}