{"id":1104,"date":"2022-08-18T09:39:32","date_gmt":"2022-08-18T09:39:32","guid":{"rendered":"https:\/\/talk.swiss\/?page_id=1104"},"modified":"2026-06-24T15:27:11","modified_gmt":"2026-06-24T13:27:11","slug":"privacy","status":"publish","type":"page","link":"https:\/\/talk.swiss\/de\/privacy\/","title":{"rendered":"Datenschutz\u00a0"},"content":{"rendered":"<div data-elementor-type=\"wp-page\" data-elementor-id=\"1104\" class=\"elementor elementor-1104\" data-elementor-post-type=\"page\">\n\t\t\t\t\t\t<section class=\"elementor-section elementor-top-section elementor-element elementor-element-699ac77f elementor-section-content-middle elementor-section-height-min-height elementor-section-boxed elementor-section-height-default elementor-section-items-middle\" data-id=\"699ac77f\" data-element_type=\"section\" data-e-type=\"section\" data-settings=\"{&quot;background_background&quot;:&quot;classic&quot;}\">\n\t\t\t\t\t\t\t<div class=\"elementor-background-overlay\"><\/div>\n\t\t\t\t\t\t\t<div class=\"elementor-container elementor-column-gap-no\">\n\t\t\t\t\t<div class=\"elementor-column elementor-col-100 elementor-top-column elementor-element elementor-element-192c2075\" data-id=\"192c2075\" data-element_type=\"column\" data-e-type=\"column\">\n\t\t\t<div class=\"elementor-widget-wrap elementor-element-populated\">\n\t\t\t\t\t\t<div class=\"elementor-element elementor-element-5230ff4b elementor-widget elementor-widget-heading\" data-id=\"5230ff4b\" data-element_type=\"widget\" data-e-type=\"widget\" data-widget_type=\"heading.default\">\n\t\t\t\t<div class=\"elementor-widget-container\">\n\t\t\t\t\t<h1 class=\"elementor-heading-title elementor-size-default\">Datenschutzrichtlinie<\/h1>\t\t\t\t<\/div>\n\t\t\t\t<\/div>\n\t\t\t\t<div class=\"elementor-element elementor-element-eed20e0 elementor-widget elementor-widget-text-editor\" data-id=\"eed20e0\" data-element_type=\"widget\" data-e-type=\"widget\" data-widget_type=\"text-editor.default\">\n\t\t\t\t<div class=\"elementor-widget-container\">\n\t\t\t\t\t\t\t\t\t<p>VERSION 10 - 18. M\u00e4rz 2026<\/p>\t\t\t\t\t\t\t\t<\/div>\n\t\t\t\t<\/div>\n\t\t\t\t\t<\/div>\n\t\t<\/div>\n\t\t\t\t\t<\/div>\n\t\t<\/section>\n\t\t\t\t<section class=\"elementor-section elementor-top-section elementor-element elementor-element-b73da7e elementor-section-boxed elementor-section-height-default elementor-section-height-default\" data-id=\"b73da7e\" data-element_type=\"section\" data-e-type=\"section\">\n\t\t\t\t\t\t<div class=\"elementor-container elementor-column-gap-default\">\n\t\t\t\t\t<div class=\"elementor-column elementor-col-100 elementor-top-column elementor-element elementor-element-8626d77\" data-id=\"8626d77\" data-element_type=\"column\" data-e-type=\"column\">\n\t\t\t<div class=\"elementor-widget-wrap elementor-element-populated\">\n\t\t\t\t\t\t<div class=\"elementor-element elementor-element-c518447 elementor-widget elementor-widget-heading\" data-id=\"c518447\" data-element_type=\"widget\" data-e-type=\"widget\" data-widget_type=\"heading.default\">\n\t\t\t\t<div class=\"elementor-widget-container\">\n\t\t\t\t\t<h3 class=\"elementor-heading-title elementor-size-default\">Datenschutzerkl\u00e4rung<\/h3>\t\t\t\t<\/div>\n\t\t\t\t<\/div>\n\t\t\t\t<div class=\"elementor-element elementor-element-da152b7 elementor-widget elementor-widget-text-editor\" data-id=\"da152b7\" data-element_type=\"widget\" data-e-type=\"widget\" data-widget_type=\"text-editor.default\">\n\t\t\t\t<div class=\"elementor-widget-container\">\n\t\t\t\t\t\t\t\t\t<p>TALK GmbH (im Folgenden: \"TALK\", \"wir\") ist ein Unternehmen, das Dienstleistungen und Services in den Bereichen Training, Kommunikation, Medienstrategie und Content-Produktion (im Folgenden: \"Services\") f\u00fcr seine Kunden (im Folgenden: \"Kunden\", \"Sie\") erbringt. Unter diesen Dienstleistungen stellen wir die App TALK zur Verf\u00fcgung, die es erm\u00f6glicht, gleichzeitig Beziehungs- und Kommunikationsph\u00e4nomene zu analysieren und verschiedene Self-Leadership-Kompetenzen zu entwickeln. Sie ist im Apple Store und bei Google Play erh\u00e4ltlich und kann auf Computern, Telefonen und Tablets sowie als Webanwendung genutzt werden (im Folgenden: \"Anwendung\"). Dar\u00fcber hinaus bietet TALK Seminare und Masterclasses an, z. B. zu den Themen Leadership, pers\u00f6nliche Kommunikation, \u00f6ffentliches Reden oder Medientraining (im Folgenden: \"Trainings\").<\/p><p>Im Zusammenhang mit den in dieser Datenschutzerkl\u00e4rung (nachfolgend: \"Datenschutzerkl\u00e4rung\") genannten Verarbeitungen personenbezogener Daten handelt TALK als Verantwortlicher f\u00fcr die Verarbeitung. In diesem Zusammenhang ist der Schutz Ihrer Daten ein zentraler Bestandteil unserer ethischen Grunds\u00e4tze. Wir wenden den Grundsatz der Datenminimierung so strikt wie m\u00f6glich an und verarbeiten nur die personenbezogenen Daten, die f\u00fcr die verfolgten Zwecke erforderlich sind.<\/p><p>Die Datenschutzerkl\u00e4rung legt dar, wie wir Ihre personenbezogenen Daten als Datenverantwortlicher im Zusammenhang mit unseren Dienstleistungen verarbeiten und sch\u00fctzen, z. B. durch die Nutzung der Anwendung, die Teilnahme an unseren Schulungen und Aktivit\u00e4ten, den Besuch unserer Website (<a href=\"https:\/\/talk.swiss\/de\/\"><strong>talk.swiss<\/strong><\/a>) (im Folgenden: die \"Website\").<\/p><p>Wenn Sie Fragen zu dieser Datenschutzerkl\u00e4rung oder allgemein zum Schutz Ihrer pers\u00f6nlichen Daten haben, k\u00f6nnen Sie uns unter den folgenden Kontaktdaten erreichen:<\/p><p>TALK GmbH<br \/>Chemin de l'Aub\u00e9pine 1<br \/>1350 Orbe<br \/>+41 24 441 63 63<br \/><a href=\"mailto:direction@talk.swiss\"><strong>direction@talk.swiss<\/strong><\/a><\/p>\t\t\t\t\t\t\t\t<\/div>\n\t\t\t\t<\/div>\n\t\t\t\t<div class=\"elementor-element elementor-element-7d6ace5 elementor-widget-divider--view-line elementor-widget elementor-widget-divider\" data-id=\"7d6ace5\" data-element_type=\"widget\" data-e-type=\"widget\" data-widget_type=\"divider.default\">\n\t\t\t\t<div class=\"elementor-widget-container\">\n\t\t\t\t\t\t\t<div class=\"elementor-divider\">\n\t\t\t<span class=\"elementor-divider-separator\">\n\t\t\t\t\t\t<\/span>\n\t\t<\/div>\n\t\t\t\t\t\t<\/div>\n\t\t\t\t<\/div>\n\t\t\t\t<div class=\"elementor-element elementor-element-cb49141 elementor-widget elementor-widget-heading\" data-id=\"cb49141\" data-element_type=\"widget\" data-e-type=\"widget\" data-widget_type=\"heading.default\">\n\t\t\t\t<div class=\"elementor-widget-container\">\n\t\t\t\t\t<h3 class=\"elementor-heading-title elementor-size-default\">Welche pers\u00f6nlichen Daten wir verarbeiten<\/h3>\t\t\t\t<\/div>\n\t\t\t\t<\/div>\n\t\t\t\t<section class=\"elementor-section elementor-inner-section elementor-element elementor-element-a63be5d elementor-section-boxed elementor-section-height-default elementor-section-height-default\" data-id=\"a63be5d\" data-element_type=\"section\" data-e-type=\"section\">\n\t\t\t\t\t\t<div class=\"elementor-container elementor-column-gap-default\">\n\t\t\t\t\t<div class=\"elementor-column elementor-col-100 elementor-inner-column elementor-element elementor-element-9180662\" data-id=\"9180662\" data-element_type=\"column\" data-e-type=\"column\">\n\t\t\t<div class=\"elementor-widget-wrap elementor-element-populated\">\n\t\t\t\t\t\t<div class=\"elementor-element elementor-element-09cb3a4 elementor-widget elementor-widget-text-editor\" data-id=\"09cb3a4\" data-element_type=\"widget\" data-e-type=\"widget\" data-widget_type=\"text-editor.default\">\n\t\t\t\t<div class=\"elementor-widget-container\">\n\t\t\t\t\t\t\t\t\t<p><strong>Wenn Sie die Anwendung verwenden<\/strong><\/p><p data-ogsb=\"rgb(255, 255, 255)\"><span data-ogsc=\"black\">Wenn Sie die TALK-Anwendung nutzen oder an einer unserer Schulungen oder Aktivit\u00e4ten (Seminare, Workshops, Veranstaltungen, Wettbewerbe usw.) teilnehmen, verarbeiten wir bestimmte personenbezogene Daten, die zur Erbringung der Dienstleistungen, zur Analyse Ihrer Beziehungsf\u00e4higkeit und zur Organisation der Aktivit\u00e4ten, an denen Sie teilnehmen, erforderlich sind.<\/span><\/p><p data-ogsb=\"rgb(255, 255, 255)\"><span data-ogsc=\"black\"><b>Daten im Zusammenhang mit der Nutzung der Anwendung<\/b><br \/>Im Rahmen der Kommunikationsanalysefunktionen der Anwendung k\u00f6nnen bestimmte Daten anhand von Aufzeichnungen verarbeitet werden, die auf Ihrem Ger\u00e4t (Computer, Tablet oder Telefon) gemacht werden, insbesondere :<\/span><\/p><ul data-ogsb=\"rgb(255, 255, 255)\"><li data-ogsc=\"rgb(200, 38, 19)\"><div role=\"presentation\">Vorname, Name und E-Mail-Adresse zu Identifikationszwecken<\/div><\/li><li data-ogsc=\"rgb(200, 38, 19)\"><div role=\"presentation\">Bild (Kamera) und Stimme (Mikrofon), die bei Video- oder Audioaufnahmen aufgenommen werden, um sie analytisch zu verarbeiten und daraus Kommunikationsindikatoren zu gewinnen.<\/div><\/li><li aria-level=\"1\">Analyse von Gesichtsausdr\u00fccken und Erkennung von Emotionen (Freude, \u00dcberraschung, Stress usw.) anhand der von der Kamera aufgenommenen Bilder<\/li><li aria-level=\"1\">Stimmanalyse, einschlie\u00dflich Sprechgeschwindigkeit, Tonh\u00f6he und Stimmlage, Erkennung von Pausen, F\u00fcllw\u00f6rtern (Z\u00f6gern) und Atmungsmustern<\/li><li aria-level=\"1\">Textanalyse der Transkription, einschlie\u00dflich des verwendeten Vokabulars, der Klarheit und der Struktur der Rede<\/li><li data-ogsc=\"rgb(200, 38, 19)\"><div role=\"presentation\">Automatisierte Transkription von Sprachaufnahmen zur Textanalyse<\/div><\/li><li data-ogsc=\"rgb(238, 0, 0)\"><div role=\"presentation\">Bewegungen der Kamera w\u00e4hrend der Aufnahme, um die Videoaufnahme zu stabilisieren<\/div><\/li><li data-ogsc=\"rgb(238, 0, 0)\"><div role=\"presentation\">FaceID und biometrische Daten zum Entsperren der Anwendung<\/div><\/li><li data-ogsc=\"rgb(238, 0, 0)\"><div role=\"presentation\">Zugriff auf die Fotogalerie, um Bilder in einige unserer \u00dcbungen zu importieren<\/div><\/li><\/ul><p>Einige dieser Daten, insbesondere solche, die aus der Analyse von Gesichtsausdr\u00fccken, Emotionen und der Stimme stammen, k\u00f6nnen als Gesundheitsdaten im weiteren Sinne betrachtet werden. Diese Daten werden ausschlie\u00dflich zu Zwecken des Kommunikationstrainings und der Entwicklung von Self-Leadership-F\u00e4higkeiten gesammelt und verarbeitet. Sie werden in keinem Fall f\u00fcr medizinische, diagnostische oder therapeutische Zwecke verwendet. Diese Daten werden nicht zu kommerziellen oder Werbezwecken an Dritte weitergegeben. Sie werden verschl\u00fcsselt und in der Schweiz in \u00dcbereinstimmung mit den in dieser Datenschutzerkl\u00e4rung beschriebenen Sicherheitsma\u00dfnahmen gehostet. Sie k\u00f6nnen diese Daten jederzeit aus der Anwendung heraus l\u00f6schen (siehe den Abschnitt \u00abL\u00f6schen von Daten\u00bb unten).<\/p><p data-ogsb=\"rgb(255, 255, 255)\"><span data-ogsc=\"black\">Diese Daten werden automatisch von den Algorithmen der Anwendung und ggf. von technischen Dienstleistern, die im Auftrag von TALK handeln, verarbeitet, um die von den Diensten angebotenen Analysen, Bewertungen und p\u00e4dagogischen R\u00fcckmeldungen zu erstellen.<\/span><\/p><p data-ogsb=\"rgb(255, 255, 255)\"><span data-ogsc=\"black\"><b>Daten \u00fcber Ihre Teilnahme an Schulungen oder Aktivit\u00e4ten<\/b><br \/>Wenn Sie an unseren Schulungen oder Veranstaltungen teilnehmen, k\u00f6nnen wir au\u00dferdem Folgendes verarbeiten:<\/span><\/p><ul data-ogsb=\"rgb(255, 255, 255)\"><li data-ogsc=\"rgb(200, 38, 19)\"><div role=\"presentation\">Informationen, die mit Ihrer Anmeldung zusammenh\u00e4ngen, einschlie\u00dflich<\/div><ul data-editing-info=\"{&quot;applyListStyleFromLevel&quot;:true}\" data-ogsb=\"rgb(255, 255, 255)\"><li data-ogsc=\"rgb(200, 38, 19)\">Vorname und Name<\/li><li data-ogsc=\"rgb(200, 38, 19)\">E-Mail-Adresse<\/li><li data-ogsc=\"rgb(200, 38, 19)\">Telefonnummer<\/li><li data-ogsc=\"rgb(200, 38, 19)\">Postanschrift<\/li><li data-ogsc=\"rgb(200, 38, 19)\">Informationen, die f\u00fcr die Bearbeitung einer Zahlung erforderlich sind, wenn die Anwendung oder ein Training kostenpflichtig ist<\/li><\/ul><\/li><li data-ogsc=\"black\">Daten zu Ihrer Teilnahme (Anwesenheit, Abwesenheit oder Fortschritt in der Ausbildung)<\/li><li data-ogsc=\"black\">Informationen, die f\u00fcr die Organisation und die p\u00e4dagogische Betreuung notwendig sind<\/li><\/ul><p data-ogsb=\"rgb(255, 255, 255)\"><span data-ogsc=\"black\">In bestimmten F\u00e4llen, wenn die Schulung in einem beruflichen Rahmen organisiert wird, k\u00f6nnen bestimmte Daten von Ihrem Arbeitgeber direkt an TALK weitergegeben werden, um Ihre Anmeldung oder Teilnahme zu erm\u00f6glichen. Es obliegt dann diesem Arbeitgeber, Sie \u00fcber diese Datenverarbeitung zu informieren und Ihnen die relevanten Elemente dieser Datenschutzerkl\u00e4rung mitzuteilen.<\/span><\/p><p data-ogsb=\"rgb(255, 255, 255)\"><span data-ogsc=\"black\">Alle diese Verarbeitungen basieren auf der Erf\u00fcllung des Vertrags \u00fcber die Nutzung der Anwendung oder die Teilnahme an Schulungen sowie auf der Notwendigkeit, die angeforderten Dienstleistungen zu erbringen, insbesondere die Kommunikationsanalyse und die damit verbundene p\u00e4dagogische Betreuung.<\/span><\/p><p><strong>Wenn Sie unsere Website besuchen<\/strong><\/p><p>Wenn Sie auf unserer Website, ihren Erweiterungen oder unseren Seiten in sozialen Netzwerken surfen und mit diesen Seiten interagieren, sammeln wir bestimmte Informationen \u00fcber Ihre Aktionen. Dazu geh\u00f6ren Informationen wie die Links, auf die Sie klicken, die Seiten oder Inhalte, die Sie sich ansehen, die Betrachtungsdauer, der Lernpfad und andere \u00e4hnliche Informationen und Statistiken \u00fcber Ihre Interaktionen, wie die Reaktionszeiten von Inhalten, Fehler beim Herunterladen und die Verweildauer auf bestimmten Seiten, der Typ des verwendeten Browsers oder der Ort, an dem Sie sich einloggen. Diese Informationen werden mithilfe von Technologien wie Cookies oder Web Beacons erfasst. Sie werden auch durch externe Tracking-Dienste erfasst (z. B. Pixel Meta: Weitere Informationen dar\u00fcber, wie Meta Daten verarbeitet, <a href=\"https:\/\/www.facebook.com\/privacy\/policy\">klicke hier<\/a>Google Analytics oder Google Adwords: F\u00fcr weitere Informationen dar\u00fcber, wie Google Daten verarbeitet,\u00a0<a style=\"background-color: #ffffff;\" href=\"https:\/\/policies.google.com\/technologies\/partner-sites\">klicke hier<\/a>.<\/p><p>In diesem Zusammenhang verwendet unsere Website sowohl Cookies, die f\u00fcr ihren Betrieb unbedingt erforderlich sind und nicht deaktiviert werden k\u00f6nnen (z. B. um Ihre pers\u00f6nlichen Konfigurationen zu speichern), als auch Cookies, die uns helfen zu verstehen, wie Sie die Website nutzen, um sie zu verbessern, insbesondere Cookies f\u00fcr statistische Zwecke, Werbezwecke oder zur Messung der Besucherzahlen. Diese Daten werden verarbeitet, um die Navigation auf der Website zu erm\u00f6glichen, aber auch um die Website zu verbessern. Bei allen Cookies, die f\u00fcr den Betrieb der Website nicht unbedingt erforderlich sind, k\u00f6nnen Sie jederzeit Ihre diesbez\u00fcglichen Pr\u00e4ferenzen festlegen und Ihre Zustimmung f\u00fcr jede Art von Cookie erteilen oder widerrufen. Die von den notwendigen Cookies erfassten Daten werden auf der Grundlage unseres berechtigten Interesses an der Gew\u00e4hrleistung des ordnungsgem\u00e4\u00dfen Betriebs unserer Website verarbeitet, und andere personenbezogene Daten werden auf der Grundlage Ihrer Einwilligung verarbeitet.<\/p><p>Dar\u00fcber hinaus sammeln wir bei der Nutzung der Website auch Daten, die Sie uns unaufgefordert \u00fcber Online-Formulare (Kontaktaufnahme, Anmeldung zu einer Veranstaltung usw.) zur Verf\u00fcgung stellen. Diese Datenverarbeitungen basieren auf Ihrer Zustimmung.<\/p><p>Schlie\u00dflich kann die Website Links zu anderen Websites enthalten. Wenn Sie \u00fcber die bereitgestellten Links auf andere Websites zugreifen, k\u00f6nnen die Betreiber dieser Websites personenbezogene Daten sammeln, die gem\u00e4\u00df ihren eigenen Datenschutzrichtlinien verwendet werden. Wir sind in keiner Weise f\u00fcr die Praktiken anderer Websites, insbesondere in Bezug auf den Schutz personenbezogener Daten, verantwortlich und empfehlen Ihnen, sich \u00fcber die jeweiligen Datenschutzrichtlinien zu informieren.<\/p><p>Bei der Anmeldung f\u00fcr den Newsletter<\/p><p>Wenn Sie unseren Newsletter anfordern, erfassen wir Ihre E-Mail-Adresse, um Ihnen den Newsletter zusenden zu k\u00f6nnen. An Ihre Adresse wird eine Best\u00e4tigungs-E-Mail gesendet, um uns zu vergewissern, dass Sie damit einverstanden sind. Diese Verarbeitung beruht auf Ihrer Einwilligung, und Sie k\u00f6nnen sich jederzeit von unserem Newsletter abmelden.<\/p>\t\t\t\t\t\t\t\t<\/div>\n\t\t\t\t<\/div>\n\t\t\t\t\t<\/div>\n\t\t<\/div>\n\t\t\t\t\t<\/div>\n\t\t<\/section>\n\t\t\t\t<div class=\"elementor-element elementor-element-4432656 elementor-widget-divider--view-line elementor-widget elementor-widget-divider\" data-id=\"4432656\" data-element_type=\"widget\" data-e-type=\"widget\" data-widget_type=\"divider.default\">\n\t\t\t\t<div class=\"elementor-widget-container\">\n\t\t\t\t\t\t\t<div class=\"elementor-divider\">\n\t\t\t<span class=\"elementor-divider-separator\">\n\t\t\t\t\t\t<\/span>\n\t\t<\/div>\n\t\t\t\t\t\t<\/div>\n\t\t\t\t<\/div>\n\t\t\t\t<div class=\"elementor-element elementor-element-1b23333 elementor-widget elementor-widget-heading\" data-id=\"1b23333\" data-element_type=\"widget\" data-e-type=\"widget\" data-widget_type=\"heading.default\">\n\t\t\t\t<div class=\"elementor-widget-container\">\n\t\t\t\t\t<h3 class=\"elementor-heading-title elementor-size-default\">Aufbewahrungsfristen<\/h3>\t\t\t\t<\/div>\n\t\t\t\t<\/div>\n\t\t\t\t<div class=\"elementor-element elementor-element-2e3062a formation elementor-widget elementor-widget-text-editor\" data-id=\"2e3062a\" data-element_type=\"widget\" data-e-type=\"widget\" data-widget_type=\"text-editor.default\">\n\t\t\t\t<div class=\"elementor-widget-container\">\n\t\t\t\t\t\t\t\t\t<p>Sofern keine gesetzliche Verpflichtung besteht oder Sie nicht zwischenzeitlich die L\u00f6schung Ihrer Daten beantragen, bewahren wir Ihre personenbezogenen Daten f\u00fcr die folgenden Zeitr\u00e4ume auf:<\/p><ul><li><u>Daten im Zusammenhang mit der Anwendung<\/u>: 12 Monate seit dem letzten Kontakt oder der letzten Nutzung der Anwendung<\/li><li><u>Daten \u00fcber die Teilnahme an unseren Schulungen und Aktivit\u00e4ten<\/u>: 24 Monate<\/li><li><u>Daten zur Nutzung der Website (Cookies)<\/u>: 13 Monate<\/li><\/ul><p>Dennoch k\u00f6nnen sie f\u00fcr einen l\u00e4ngeren Zeitraum aufbewahrt werden, wenn dies durch ein Gesetz oder eine Verordnung vorgeschrieben ist. Beispielsweise werden Daten, die f\u00fcr die Buchf\u00fchrung und die Buchungsbelege erforderlich sind, zehn Jahre lang aufbewahrt (Art. 958f OR).<\/p>\t\t\t\t\t\t\t\t<\/div>\n\t\t\t\t<\/div>\n\t\t\t\t<div class=\"elementor-element elementor-element-6abf700 elementor-widget-divider--view-line elementor-widget elementor-widget-divider\" data-id=\"6abf700\" data-element_type=\"widget\" data-e-type=\"widget\" data-widget_type=\"divider.default\">\n\t\t\t\t<div class=\"elementor-widget-container\">\n\t\t\t\t\t\t\t<div class=\"elementor-divider\">\n\t\t\t<span class=\"elementor-divider-separator\">\n\t\t\t\t\t\t<\/span>\n\t\t<\/div>\n\t\t\t\t\t\t<\/div>\n\t\t\t\t<\/div>\n\t\t\t\t<div class=\"elementor-element elementor-element-e4e31d5 elementor-widget elementor-widget-text-editor\" data-id=\"e4e31d5\" data-element_type=\"widget\" data-e-type=\"widget\" data-widget_type=\"text-editor.default\">\n\t\t\t\t<div class=\"elementor-widget-container\">\n\t\t\t\t\t\t\t\t\t<h3>L\u00f6schen von Daten<\/h3><p>Sie k\u00f6nnen die Daten \u00fcber die Nutzung der Anwendung (Audio- und\/oder Videoaufzeichnungen, Ergebnisse, Bewertungen, Fortschrittszertifikate usw.) jederzeit l\u00f6schen, auch einzeln. Mit Ausnahme von Daten, die anonymisiert wurden, und sofern nicht ein Gesetz oder ein \u00fcberwiegendes privates oder \u00f6ffentliches Interesse dem entgegensteht, bewahren wir keine Kopien Ihrer personenbezogenen Daten auf, nachdem diese von Ihnen gel\u00f6scht wurden. Ein gel\u00f6schter Datensatz ist daher grunds\u00e4tzlich unwiederbringlich verloren.<\/p><p>Um Ihr Konto zu l\u00f6schen, m\u00fcssen Sie unter \"Profil\" gehen. Dieser Vorgang ist unumkehrbar und, sofern nicht ein Gesetz oder ein \u00fcberwiegendes privates oder \u00f6ffentliches Interesse entgegensteht, werden alle Daten im Zusammenhang mit der Nutzung der Anwendung vernichtet (Audio- und\/oder Videoaufzeichnungen, Ergebnisse, Bewertungen, Fortschrittszertifikate usw.).<\/p>\t\t\t\t\t\t\t\t<\/div>\n\t\t\t\t<\/div>\n\t\t\t\t<div class=\"elementor-element elementor-element-e8ac783 elementor-widget-divider--view-line elementor-widget elementor-widget-divider\" data-id=\"e8ac783\" data-element_type=\"widget\" data-e-type=\"widget\" data-widget_type=\"divider.default\">\n\t\t\t\t<div class=\"elementor-widget-container\">\n\t\t\t\t\t\t\t<div class=\"elementor-divider\">\n\t\t\t<span class=\"elementor-divider-separator\">\n\t\t\t\t\t\t<\/span>\n\t\t<\/div>\n\t\t\t\t\t\t<\/div>\n\t\t\t\t<\/div>\n\t\t\t\t<div class=\"elementor-element elementor-element-7499c69 elementor-widget elementor-widget-text-editor\" data-id=\"7499c69\" data-element_type=\"widget\" data-e-type=\"widget\" data-widget_type=\"text-editor.default\">\n\t\t\t\t<div class=\"elementor-widget-container\">\n\t\t\t\t\t\t\t\t\t<h3>Sicherheit der Daten<\/h3><p>Die Sicherheit Ihrer Daten hat f\u00fcr uns h\u00f6chste Priorit\u00e4t und wir sind der Ansicht, dass Ihr Vertrauen in uns davon abh\u00e4ngt. Daher stellen wir sicher, dass Sie die Kontrolle \u00fcber Ihre Daten behalten und haben geeignete organisatorische und technische Ma\u00dfnahmen ergriffen, um Verst\u00f6\u00dfe gegen die Datensicherheit zu verhindern.<\/p><p>Ihre Daten werden in der Schweiz in einer Cloud-Architektur gespeichert, die unter anderem durch einen Zugang mit doppelter Authentifizierung gesichert ist.<\/p>\t\t\t\t\t\t\t\t<\/div>\n\t\t\t\t<\/div>\n\t\t\t\t<div class=\"elementor-element elementor-element-9d0ed69 elementor-widget-divider--view-line elementor-widget elementor-widget-divider\" data-id=\"9d0ed69\" data-element_type=\"widget\" data-e-type=\"widget\" data-widget_type=\"divider.default\">\n\t\t\t\t<div class=\"elementor-widget-container\">\n\t\t\t\t\t\t\t<div class=\"elementor-divider\">\n\t\t\t<span class=\"elementor-divider-separator\">\n\t\t\t\t\t\t<\/span>\n\t\t<\/div>\n\t\t\t\t\t\t<\/div>\n\t\t\t\t<\/div>\n\t\t\t\t<div class=\"elementor-element elementor-element-4554d7a elementor-widget elementor-widget-text-editor\" data-id=\"4554d7a\" data-element_type=\"widget\" data-e-type=\"widget\" data-widget_type=\"text-editor.default\">\n\t\t\t\t<div class=\"elementor-widget-container\">\n\t\t\t\t\t\t\t\t\t<h3>Kommunikation von Daten<\/h3><p>Wir k\u00f6nnen Subunternehmer und Dienstleister beauftragen, insbesondere technische und IT-Dienstleister in dem Umfang, der f\u00fcr die Erbringung der ihnen anvertrauten Leistungen erforderlich ist. Alle unsere Subunternehmer sind vertraglich verpflichtet, die Vertraulichkeit Ihrer Daten zu wahren und die einschl\u00e4gigen Gesetze einzuhalten.<\/p><p>Au\u00dferdem erm\u00e4chtigen Sie uns durch die Angabe der Kontaktdaten Ihres Arbeitgebers, insbesondere als Rechnungsadresse, ausdr\u00fccklich dazu, ihm nicht nur die f\u00fcr die Rechnungsstellung erforderlichen Informationen, sondern auch andere kursbezogene Daten (Teilnahme, Dauer, Ergebnisse usw.) zu \u00fcbermitteln.<\/p><p>Sollte TALK von einem anderen Unternehmen \u00fcbernommen werden oder mit einem anderen Unternehmen fusionieren, kann es sein, dass wir Ihre Daten weitergeben m\u00fcssen, um die Dienste fortzuf\u00fchren oder im Rahmen unserer Verpflichtungen, einschlie\u00dflich im Rahmen eines Konkurses.<\/p><p>Wir k\u00f6nnen Ihre Daten auch an Dritte weitergeben, wenn dies gesetzlich vorgeschrieben ist oder von einem Gericht oder einer Verwaltungsbeh\u00f6rde gefordert wird, um unsere Rechte oder Interessen zu sch\u00fctzen oder den Vertrag durchzusetzen, soweit dies nach geltendem Recht zul\u00e4ssig ist.<\/p>\t\t\t\t\t\t\t\t<\/div>\n\t\t\t\t<\/div>\n\t\t\t\t<div class=\"elementor-element elementor-element-5b5d90e elementor-widget-divider--view-line elementor-widget elementor-widget-divider\" data-id=\"5b5d90e\" data-element_type=\"widget\" data-e-type=\"widget\" data-widget_type=\"divider.default\">\n\t\t\t\t<div class=\"elementor-widget-container\">\n\t\t\t\t\t\t\t<div class=\"elementor-divider\">\n\t\t\t<span class=\"elementor-divider-separator\">\n\t\t\t\t\t\t<\/span>\n\t\t<\/div>\n\t\t\t\t\t\t<\/div>\n\t\t\t\t<\/div>\n\t\t\t\t<div class=\"elementor-element elementor-element-4802430 elementor-widget elementor-widget-text-editor\" data-id=\"4802430\" data-element_type=\"widget\" data-e-type=\"widget\" data-widget_type=\"text-editor.default\">\n\t\t\t\t<div class=\"elementor-widget-container\">\n\t\t\t\t\t\t\t\t\t<h3>\u00dcbertragung ins Ausland<\/h3><p>Vorbehaltlich der Daten auf unserer Website, die m\u00f6glicherweise von Pixel Meta und Google Analytics in den USA verarbeitet werden, verarbeiten und hosten wir Ihre personenbezogenen Daten in der Schweiz oder im Europ\u00e4ischen Wirtschaftsraum (EWR) (siehe: Anhang 1 der Datenschutzerkl\u00e4rung unten).<\/p><p>Sollten wir auf einen ausl\u00e4ndischen Anbieter zur\u00fcckgreifen m\u00fcssen, der sich in einem Land befindet, das nach Ansicht der zust\u00e4ndigen Datenschutzbeh\u00f6rden kein angemessenes Datenschutzniveau aufweist, werden wir vor der Weitergabe Ihrer Daten ins Ausland die gesetzlich vorgeschriebenen zus\u00e4tzlichen Ma\u00dfnahmen ergreifen, wie z. B. die Unterzeichnung von Standardvertragsklauseln zum Datenschutz.<\/p>\t\t\t\t\t\t\t\t<\/div>\n\t\t\t\t<\/div>\n\t\t\t\t<div class=\"elementor-element elementor-element-61bb57d elementor-widget-divider--view-line elementor-widget elementor-widget-divider\" data-id=\"61bb57d\" data-element_type=\"widget\" data-e-type=\"widget\" data-widget_type=\"divider.default\">\n\t\t\t\t<div class=\"elementor-widget-container\">\n\t\t\t\t\t\t\t<div class=\"elementor-divider\">\n\t\t\t<span class=\"elementor-divider-separator\">\n\t\t\t\t\t\t<\/span>\n\t\t<\/div>\n\t\t\t\t\t\t<\/div>\n\t\t\t\t<\/div>\n\t\t\t\t<div class=\"elementor-element elementor-element-51c1a8b elementor-widget elementor-widget-text-editor\" data-id=\"51c1a8b\" data-element_type=\"widget\" data-e-type=\"widget\" data-widget_type=\"text-editor.default\">\n\t\t\t\t<div class=\"elementor-widget-container\">\n\t\t\t\t\t\t\t\t\t<h3>Forschung und Entwicklung<\/h3><p>Ihre Daten k\u00f6nnen von uns oder Partnern f\u00fcr Zwecke verwendet werden, die sich nicht auf Personen beziehen, insbesondere im Rahmen von Forschung und Statistik. In diesen F\u00e4llen werden Ihre Daten so schnell wie m\u00f6glich anonymisiert und es werden Ma\u00dfnahmen ergriffen, damit die betroffenen Personen nicht identifiziert werden k\u00f6nnen. Die Ergebnisse werden in jedem Fall in einer Form ver\u00f6ffentlicht, die keine Identifizierung der betroffenen Personen zul\u00e4sst.<\/p>\t\t\t\t\t\t\t\t<\/div>\n\t\t\t\t<\/div>\n\t\t\t\t<div class=\"elementor-element elementor-element-d5f9ad3 elementor-widget-divider--view-line elementor-widget elementor-widget-divider\" data-id=\"d5f9ad3\" data-element_type=\"widget\" data-e-type=\"widget\" data-widget_type=\"divider.default\">\n\t\t\t\t<div class=\"elementor-widget-container\">\n\t\t\t\t\t\t\t<div class=\"elementor-divider\">\n\t\t\t<span class=\"elementor-divider-separator\">\n\t\t\t\t\t\t<\/span>\n\t\t<\/div>\n\t\t\t\t\t\t<\/div>\n\t\t\t\t<\/div>\n\t\t\t\t<div class=\"elementor-element elementor-element-28ec28f elementor-widget elementor-widget-text-editor\" data-id=\"28ec28f\" data-element_type=\"widget\" data-e-type=\"widget\" data-widget_type=\"text-editor.default\">\n\t\t\t\t<div class=\"elementor-widget-container\">\n\t\t\t\t\t\t\t\t\t<h3>Ihre Rechte<\/h3><p>Sie haben das Recht, zu erfahren, welche personenbezogenen Daten \u00fcber Sie gespeichert sind, und eine Kopie davon zu erhalten, sowie das Recht, Ihre personenbezogenen Daten zu aktualisieren, zu berichtigen, zu l\u00f6schen und deren Verarbeitung einzuschr\u00e4nken. Die Daten, die Sie uns \u00fcber sich selbst zur Verf\u00fcgung gestellt haben, werden Ihnen in einem strukturierten, g\u00e4ngigen und maschinenlesbaren Format zur Verf\u00fcgung gestellt.<\/p><p>Vorbehaltlich eines rechtm\u00e4\u00dfigen Grundes f\u00fcr die Verarbeitung haben Sie auch das Recht, gegen die Verarbeitung Ihrer personenbezogenen Daten Einspruch zu erheben. Wenn die Verarbeitung auf Ihrer Einwilligung beruht, k\u00f6nnen Sie diese jederzeit widerrufen.<\/p><p>Wenn Sie eines dieser Rechte aus\u00fcben m\u00f6chten, wenden Sie sich bitte an uns, indem Sie uns unter den genannten Kontaktdaten schreiben <em>supra<\/em>. Sie haben auch das Recht, sich bei der zust\u00e4ndigen Aufsichtsbeh\u00f6rde f\u00fcr den Schutz personenbezogener Daten zu beschweren.<\/p>\t\t\t\t\t\t\t\t<\/div>\n\t\t\t\t<\/div>\n\t\t\t\t<div class=\"elementor-element elementor-element-bc512d7 elementor-widget-divider--view-line elementor-widget elementor-widget-divider\" data-id=\"bc512d7\" data-element_type=\"widget\" data-e-type=\"widget\" data-widget_type=\"divider.default\">\n\t\t\t\t<div class=\"elementor-widget-container\">\n\t\t\t\t\t\t\t<div class=\"elementor-divider\">\n\t\t\t<span class=\"elementor-divider-separator\">\n\t\t\t\t\t\t<\/span>\n\t\t<\/div>\n\t\t\t\t\t\t<\/div>\n\t\t\t\t<\/div>\n\t\t\t\t<div class=\"elementor-element elementor-element-765cbb5 elementor-widget elementor-widget-text-editor\" data-id=\"765cbb5\" data-element_type=\"widget\" data-e-type=\"widget\" data-widget_type=\"text-editor.default\">\n\t\t\t\t<div class=\"elementor-widget-container\">\n\t\t\t\t\t\t\t\t\t<h3>K\u00fcnstliche Intelligenz<\/h3><p>Wenn Sie unser Chatbot-Modul nutzen, das einen KI-Dienst anbietet, wird das Skript Ihrer von unserer App aufgezeichneten \u00c4u\u00dferungen an unseren in Frankreich ans\u00e4ssigen Dienstleister Mistral AI \u00fcbermittelt, der mithilfe seines KI-Tools passende Fragen und Antworten generiert, um je nach Ihren Bed\u00fcrfnissen ein Vorstellungsgespr\u00e4ch oder eine andere Situation zu simulieren.<\/p>\t\t\t\t\t\t\t\t<\/div>\n\t\t\t\t<\/div>\n\t\t\t\t<div class=\"elementor-element elementor-element-e3b3fa9 elementor-widget-divider--view-line elementor-widget elementor-widget-divider\" data-id=\"e3b3fa9\" data-element_type=\"widget\" data-e-type=\"widget\" data-widget_type=\"divider.default\">\n\t\t\t\t<div class=\"elementor-widget-container\">\n\t\t\t\t\t\t\t<div class=\"elementor-divider\">\n\t\t\t<span class=\"elementor-divider-separator\">\n\t\t\t\t\t\t<\/span>\n\t\t<\/div>\n\t\t\t\t\t\t<\/div>\n\t\t\t\t<\/div>\n\t\t\t\t<div class=\"elementor-element elementor-element-293dd0a elementor-widget elementor-widget-text-editor\" data-id=\"293dd0a\" data-element_type=\"widget\" data-e-type=\"widget\" data-widget_type=\"text-editor.default\">\n\t\t\t\t<div class=\"elementor-widget-container\">\n\t\t\t\t\t\t\t\t\t<h3>Anwendbares Recht<\/h3><p>Im Rahmen unserer Gesch\u00e4ftst\u00e4tigkeit unterliegen wir den Bestimmungen des Bundesgesetzes \u00fcber den Datenschutz (DSG). Die zust\u00e4ndige Kontrollbeh\u00f6rde f\u00fcr den Schutz von Personendaten ist der Eidgen\u00f6ssische Datenschutz- und \u00d6ffentlichkeitsbeauftragte (ED\u00d6B).<\/p><p>Wenn Sie im Europ\u00e4ischen Wirtschaftsraum (EWR) leben, kann die Datenschutzverordnung (EU) Nr. 2016\/679 des Europ\u00e4ischen Parlaments und des Rates vom 27. April 2016 (DSGVO) Anwendung finden und die Datenschutzaufsichtsbeh\u00f6rde an Ihrem Wohnort zust\u00e4ndig sein.<\/p>\t\t\t\t\t\t\t\t<\/div>\n\t\t\t\t<\/div>\n\t\t\t\t<div class=\"elementor-element elementor-element-09a1b85 elementor-widget-divider--view-line elementor-widget elementor-widget-divider\" data-id=\"09a1b85\" data-element_type=\"widget\" data-e-type=\"widget\" data-widget_type=\"divider.default\">\n\t\t\t\t<div class=\"elementor-widget-container\">\n\t\t\t\t\t\t\t<div class=\"elementor-divider\">\n\t\t\t<span class=\"elementor-divider-separator\">\n\t\t\t\t\t\t<\/span>\n\t\t<\/div>\n\t\t\t\t\t\t<\/div>\n\t\t\t\t<\/div>\n\t\t\t\t<div class=\"elementor-element elementor-element-4a68961 elementor-widget elementor-widget-text-editor\" data-id=\"4a68961\" data-element_type=\"widget\" data-e-type=\"widget\" data-widget_type=\"text-editor.default\">\n\t\t\t\t<div class=\"elementor-widget-container\">\n\t\t\t\t\t\t\t\t\t<h3>Anhang 1<\/h3><p>Die Website talk.swiss kann Marketing-Module von Google und Meta verwenden. Es ist m\u00f6glich, dass diese Module Daten in folgende L\u00e4nder \u00fcbermitteln: Deutschland, Belgien, Niederlande, USA.<\/p><p>Diese Liste wird bei Bedarf regelm\u00e4\u00dfig aktualisiert.<\/p><p><strong>Wichtig<\/strong> : Dies betrifft nicht die personenbezogenen Daten im Zusammenhang mit unserer App.<\/p>\t\t\t\t\t\t\t\t<\/div>\n\t\t\t\t<\/div>\n\t\t\t\t\t<\/div>\n\t\t<\/div>\n\t\t\t\t\t<\/div>\n\t\t<\/section>\n\t\t\t\t<\/div>","protected":false},"excerpt":{"rendered":"<p>Politique de confidentialit\u00e9 VERSION 10 &#8211; 18 mars 2026 D\u00e9claration de confidentialit\u00e9 TALK S\u00e0rl (ci-apr\u00e8s: \u00abTALK\u00bb, \u00abnous\u00bb) et une soci\u00e9t\u00e9 ayant pour but de fournir des prestations et des services dans les domaines de la formation, de la communication, de la strat\u00e9gie m\u00e9dias et de la production de contenus (ci-apr\u00e8s: les \u00abServices\u00bb) \u00e0 ses clients [&hellip;]<\/p>\n","protected":false},"author":12,"featured_media":0,"parent":0,"menu_order":0,"comment_status":"closed","ping_status":"closed","template":"","meta":{"footnotes":""},"class_list":["post-1104","page","type-page","status-publish","hentry"],"yoast_head":"<!-- This site is optimized with the Yoast SEO plugin v28.3 - https:\/\/yoast.com\/product\/yoast-seo-wordpress\/ -->\n<title>Privacy\u00a0 - TALK.SWISS<\/title>\n<meta name=\"robots\" content=\"noindex, follow\" \/>\n<meta property=\"og:locale\" content=\"de_DE\" \/>\n<meta property=\"og:type\" content=\"article\" \/>\n<meta property=\"og:title\" content=\"Privacy\u00a0 - TALK.SWISS\" \/>\n<meta property=\"og:description\" content=\"Politique de confidentialit\u00e9 VERSION 10 &#8211; 18 mars 2026 D\u00e9claration de confidentialit\u00e9 TALK S\u00e0rl (ci-apr\u00e8s: \u00abTALK\u00bb, \u00abnous\u00bb) et une soci\u00e9t\u00e9 ayant pour but de fournir des prestations et des services dans les domaines de la formation, de la communication, de la strat\u00e9gie m\u00e9dias et de la production de contenus (ci-apr\u00e8s: les \u00abServices\u00bb) \u00e0 ses clients [&hellip;]\" \/>\n<meta property=\"og:url\" content=\"https:\/\/talk.swiss\/de\/privacy\/\" \/>\n<meta property=\"og:site_name\" content=\"TALK.SWISS\" \/>\n<meta property=\"article:modified_time\" content=\"2026-06-24T13:27:11+00:00\" \/>\n<meta name=\"twitter:card\" content=\"summary_large_image\" \/>\n<meta name=\"twitter:label1\" content=\"Gesch\u00e4tzte Lesezeit\" \/>\n\t<meta name=\"twitter:data1\" content=\"13\u00a0Minuten\" \/>\n<script type=\"application\/ld+json\" class=\"yoast-schema-graph\">{\"@context\":\"https:\\\/\\\/schema.org\",\"@graph\":[{\"@type\":\"WebPage\",\"@id\":\"https:\\\/\\\/talk.swiss\\\/privacy\\\/\",\"url\":\"https:\\\/\\\/talk.swiss\\\/privacy\\\/\",\"name\":\"Privacy\u00a0 - TALK.SWISS\",\"isPartOf\":{\"@id\":\"https:\\\/\\\/talk.swiss\\\/#website\"},\"datePublished\":\"2022-08-18T09:39:32+00:00\",\"dateModified\":\"2026-06-24T13:27:11+00:00\",\"breadcrumb\":{\"@id\":\"https:\\\/\\\/talk.swiss\\\/privacy\\\/#breadcrumb\"},\"inLanguage\":\"de-CH\",\"potentialAction\":[{\"@type\":\"ReadAction\",\"target\":[\"https:\\\/\\\/talk.swiss\\\/privacy\\\/\"]}]},{\"@type\":\"BreadcrumbList\",\"@id\":\"https:\\\/\\\/talk.swiss\\\/privacy\\\/#breadcrumb\",\"itemListElement\":[{\"@type\":\"ListItem\",\"position\":1,\"name\":\"Accueil\",\"item\":\"https:\\\/\\\/talk.swiss\\\/\"},{\"@type\":\"ListItem\",\"position\":2,\"name\":\"Privacy\u00a0\"}]},{\"@type\":\"WebSite\",\"@id\":\"https:\\\/\\\/talk.swiss\\\/#website\",\"url\":\"https:\\\/\\\/talk.swiss\\\/\",\"name\":\"TALK.SWISS\",\"description\":\"Talk, la parole au centre\",\"publisher\":{\"@id\":\"https:\\\/\\\/talk.swiss\\\/#organization\"},\"potentialAction\":[{\"@type\":\"SearchAction\",\"target\":{\"@type\":\"EntryPoint\",\"urlTemplate\":\"https:\\\/\\\/talk.swiss\\\/?s={search_term_string}\"},\"query-input\":{\"@type\":\"PropertyValueSpecification\",\"valueRequired\":true,\"valueName\":\"search_term_string\"}}],\"inLanguage\":\"de-CH\"},{\"@type\":\"Organization\",\"@id\":\"https:\\\/\\\/talk.swiss\\\/#organization\",\"name\":\"TALK.SWISS\",\"url\":\"https:\\\/\\\/talk.swiss\\\/\",\"logo\":{\"@type\":\"ImageObject\",\"inLanguage\":\"de-CH\",\"@id\":\"https:\\\/\\\/talk.swiss\\\/#\\\/schema\\\/logo\\\/image\\\/\",\"url\":\"https:\\\/\\\/talk.swiss\\\/wp-content\\\/uploads\\\/2022\\\/08\\\/cropped-Talk_logo.png\",\"contentUrl\":\"https:\\\/\\\/talk.swiss\\\/wp-content\\\/uploads\\\/2022\\\/08\\\/cropped-Talk_logo.png\",\"width\":400,\"height\":400,\"caption\":\"TALK.SWISS\"},\"image\":{\"@id\":\"https:\\\/\\\/talk.swiss\\\/#\\\/schema\\\/logo\\\/image\\\/\"}}]}<\/script>\n<!-- \/ Yoast SEO plugin. -->","yoast_head_json":{"title":"Datenschutz - TALK.SWISS","robots":{"index":"noindex","follow":"follow"},"og_locale":"de_DE","og_type":"article","og_title":"Privacy\u00a0 - TALK.SWISS","og_description":"Politique de confidentialit\u00e9 VERSION 10 &#8211; 18 mars 2026 D\u00e9claration de confidentialit\u00e9 TALK S\u00e0rl (ci-apr\u00e8s: \u00abTALK\u00bb, \u00abnous\u00bb) et une soci\u00e9t\u00e9 ayant pour but de fournir des prestations et des services dans les domaines de la formation, de la communication, de la strat\u00e9gie m\u00e9dias et de la production de contenus (ci-apr\u00e8s: les \u00abServices\u00bb) \u00e0 ses clients [&hellip;]","og_url":"https:\/\/talk.swiss\/de\/privacy\/","og_site_name":"TALK.SWISS","article_modified_time":"2026-06-24T13:27:11+00:00","twitter_card":"summary_large_image","twitter_misc":{"Gesch\u00e4tzte Lesezeit":"13\u00a0Minuten"},"schema":{"@context":"https:\/\/schema.org","@graph":[{"@type":"WebPage","@id":"https:\/\/talk.swiss\/privacy\/","url":"https:\/\/talk.swiss\/privacy\/","name":"Datenschutz - TALK.SWISS","isPartOf":{"@id":"https:\/\/talk.swiss\/#website"},"datePublished":"2022-08-18T09:39:32+00:00","dateModified":"2026-06-24T13:27:11+00:00","breadcrumb":{"@id":"https:\/\/talk.swiss\/privacy\/#breadcrumb"},"inLanguage":"de-CH","potentialAction":[{"@type":"ReadAction","target":["https:\/\/talk.swiss\/privacy\/"]}]},{"@type":"BreadcrumbList","@id":"https:\/\/talk.swiss\/privacy\/#breadcrumb","itemListElement":[{"@type":"ListItem","position":1,"name":"Accueil","item":"https:\/\/talk.swiss\/"},{"@type":"ListItem","position":2,"name":"Privacy\u00a0"}]},{"@type":"WebSite","@id":"https:\/\/talk.swiss\/#website","url":"https:\/\/talk.swiss\/","name":"TALK.SWISS","description":"Talk, das Wort im Mittelpunkt","publisher":{"@id":"https:\/\/talk.swiss\/#organization"},"potentialAction":[{"@type":"SearchAction","target":{"@type":"EntryPoint","urlTemplate":"https:\/\/talk.swiss\/?s={search_term_string}"},"query-input":{"@type":"PropertyValueSpecification","valueRequired":true,"valueName":"search_term_string"}}],"inLanguage":"de-CH"},{"@type":"Organization","@id":"https:\/\/talk.swiss\/#organization","name":"TALK.SWISS","url":"https:\/\/talk.swiss\/","logo":{"@type":"ImageObject","inLanguage":"de-CH","@id":"https:\/\/talk.swiss\/#\/schema\/logo\/image\/","url":"https:\/\/talk.swiss\/wp-content\/uploads\/2022\/08\/cropped-Talk_logo.png","contentUrl":"https:\/\/talk.swiss\/wp-content\/uploads\/2022\/08\/cropped-Talk_logo.png","width":400,"height":400,"caption":"TALK.SWISS"},"image":{"@id":"https:\/\/talk.swiss\/#\/schema\/logo\/image\/"}}]}},"_links":{"self":[{"href":"https:\/\/talk.swiss\/de\/wp-json\/wp\/v2\/pages\/1104","targetHints":{"allow":["GET"]}}],"collection":[{"href":"https:\/\/talk.swiss\/de\/wp-json\/wp\/v2\/pages"}],"about":[{"href":"https:\/\/talk.swiss\/de\/wp-json\/wp\/v2\/types\/page"}],"author":[{"embeddable":true,"href":"https:\/\/talk.swiss\/de\/wp-json\/wp\/v2\/users\/12"}],"replies":[{"embeddable":true,"href":"https:\/\/talk.swiss\/de\/wp-json\/wp\/v2\/comments?post=1104"}],"version-history":[{"count":95,"href":"https:\/\/talk.swiss\/de\/wp-json\/wp\/v2\/pages\/1104\/revisions"}],"predecessor-version":[{"id":8680,"href":"https:\/\/talk.swiss\/de\/wp-json\/wp\/v2\/pages\/1104\/revisions\/8680"}],"wp:attachment":[{"href":"https:\/\/talk.swiss\/de\/wp-json\/wp\/v2\/media?parent=1104"}],"curies":[{"name":"wp","href":"https:\/\/api.w.org\/{rel}","templated":true}]}}