{"version":"1.0","provider_name":"TALK.SWISS","provider_url":"https:\/\/talk.swiss\/de","author_name":"Margaux Fazio","author_url":"https:\/\/talk.swiss\/de\/author\/margaux-faziotalk-swiss\/","title":"TalkTo : retrouver confiance, lib\u00e9rer sa parole - TALK.SWISS","type":"rich","width":600,"height":338,"html":"<blockquote class=\"wp-embedded-content\" data-secret=\"t899l2SAPr\"><a href=\"https:\/\/talk.swiss\/de\/talkto-retrouver-confiance-liberer-sa-parole\/\">TalkTo: Selbstvertrauen zur\u00fcckgewinnen, sich frei \u00e4u\u00dfern k\u00f6nnen<\/a><\/blockquote><iframe sandbox=\"allow-scripts\" security=\"restricted\" src=\"https:\/\/talk.swiss\/de\/talkto-retrouver-confiance-liberer-sa-parole\/embed\/#?secret=t899l2SAPr\" width=\"600\" height=\"338\" title=\"\u00abTalkTo: Selbstvertrauen zur\u00fcckgewinnen, frei sprechen\u00bb \u2013 TALK.SWISS\" data-secret=\"t899l2SAPr\" frameborder=\"0\" marginwidth=\"0\" marginheight=\"0\" scrolling=\"no\" class=\"wp-embedded-content\"><\/iframe><script>\n\/*! This file is auto-generated *\/\n!function(d,l){\"use strict\";l.querySelector&&d.addEventListener&&\"undefined\"!=typeof URL&&(d.wp=d.wp||{},d.wp.receiveEmbedMessage||(d.wp.receiveEmbedMessage=function(e){var t=e.data;if((t||t.secret||t.message||t.value)&&!\/[^a-zA-Z0-9]\/.test(t.secret)){for(var s,r,n,a=l.querySelectorAll('iframe[data-secret=\"'+t.secret+'\"]'),o=l.querySelectorAll('blockquote[data-secret=\"'+t.secret+'\"]'),c=new RegExp(\"^https?:$\",\"i\"),i=0;i<o.length;i++)o[i].style.display=\"none\";for(i=0;i<a.length;i++)s=a[i],e.source===s.contentWindow&&(s.removeAttribute(\"style\"),\"height\"===t.message?(1e3<(r=parseInt(t.value,10))?r=1e3:~~r<200&&(r=200),s.height=r):\"link\"===t.message&&(r=new URL(s.getAttribute(\"src\")),n=new URL(t.value),c.test(n.protocol))&&n.host===r.host&&l.activeElement===s&&(d.top.location.href=t.value))}},d.addEventListener(\"message\",d.wp.receiveEmbedMessage,!1),l.addEventListener(\"DOMContentLoaded\",function(){for(var e,t,s=l.querySelectorAll(\"iframe.wp-embedded-content\"),r=0;r<s.length;r++)(t=(e=s[r]).getAttribute(\"data-secret\"))||(t=Math.random().toString(36).substring(2,12),e.src+=\"#?secret=\"+t,e.setAttribute(\"data-secret\",t)),e.contentWindow.postMessage({message:\"ready\",secret:t},\"*\")},!1)))}(window,document);\n\/\/# sourceURL=https:\/\/talk.swiss\/wp-includes\/js\/wp-embed.min.js\n<\/script>","thumbnail_url":"https:\/\/talk.swiss\/wp-content\/uploads\/2025\/12\/talk_bg-scaled.jpg","thumbnail_width":2560,"thumbnail_height":1435,"description":"Clore la boucle : la parole \u00e0 celles et ceux qui ont v\u00e9cu l\u2019exp\u00e9rience  Dans le cadre de notre s\u00e9rie d\u2019interviews d\u2019anciens participants du programme TalkTo, nous avons rencontr\u00e9 Baptiste et \u00c9ric, deux professionnels ayant suivi la formation au printemps dernier, entre avril et juin."}