{"version":"1.0","provider_name":"TALK.SWISS","provider_url":"https:\/\/talk.swiss\/de","author_name":"TALK","author_url":"https:\/\/talk.swiss\/de\/author\/talktalk-swiss\/","title":"L'organisation face \u00e0 ses \u00e9motions : un voyage initiatique - TALK.SWISS","type":"rich","width":600,"height":338,"html":"<blockquote class=\"wp-embedded-content\" data-secret=\"EU74WXG6oK\"><a href=\"https:\/\/talk.swiss\/de\/lorganisation-face-a-ses-emotions-un-voyage-initiatique\/\">Die Organisation im Umgang mit ihren Emotionen: eine Initiationsreise<\/a><\/blockquote><iframe sandbox=\"allow-scripts\" security=\"restricted\" src=\"https:\/\/talk.swiss\/de\/lorganisation-face-a-ses-emotions-un-voyage-initiatique\/embed\/#?secret=EU74WXG6oK\" width=\"600\" height=\"338\" title=\"\u00abDie Organisation im Angesicht ihrer Emotionen: eine Initiationsreise\u00bb - TALK.SWISS\" data-secret=\"EU74WXG6oK\" frameborder=\"0\" marginwidth=\"0\" marginheight=\"0\" scrolling=\"no\" class=\"wp-embedded-content\"><\/iframe><script>\n\/*! This file is auto-generated *\/\n!function(d,l){\"use strict\";l.querySelector&&d.addEventListener&&\"undefined\"!=typeof URL&&(d.wp=d.wp||{},d.wp.receiveEmbedMessage||(d.wp.receiveEmbedMessage=function(e){var t=e.data;if((t||t.secret||t.message||t.value)&&!\/[^a-zA-Z0-9]\/.test(t.secret)){for(var s,r,n,a=l.querySelectorAll('iframe[data-secret=\"'+t.secret+'\"]'),o=l.querySelectorAll('blockquote[data-secret=\"'+t.secret+'\"]'),c=new RegExp(\"^https?:$\",\"i\"),i=0;i<o.length;i++)o[i].style.display=\"none\";for(i=0;i<a.length;i++)s=a[i],e.source===s.contentWindow&&(s.removeAttribute(\"style\"),\"height\"===t.message?(1e3<(r=parseInt(t.value,10))?r=1e3:~~r<200&&(r=200),s.height=r):\"link\"===t.message&&(r=new URL(s.getAttribute(\"src\")),n=new URL(t.value),c.test(n.protocol))&&n.host===r.host&&l.activeElement===s&&(d.top.location.href=t.value))}},d.addEventListener(\"message\",d.wp.receiveEmbedMessage,!1),l.addEventListener(\"DOMContentLoaded\",function(){for(var e,t,s=l.querySelectorAll(\"iframe.wp-embedded-content\"),r=0;r<s.length;r++)(t=(e=s[r]).getAttribute(\"data-secret\"))||(t=Math.random().toString(36).substring(2,12),e.src+=\"#?secret=\"+t,e.setAttribute(\"data-secret\",t)),e.contentWindow.postMessage({message:\"ready\",secret:t},\"*\")},!1)))}(window,document);\n\/\/# sourceURL=https:\/\/talk.swiss\/wp-includes\/js\/wp-embed.min.js\n<\/script>","thumbnail_url":"https:\/\/talk.swiss\/wp-content\/uploads\/2024\/04\/Visue_blog4.png","thumbnail_width":1200,"thumbnail_height":627,"description":"Comment int\u00e9grer les \u00e9motions dans son entreprise ? Voil\u00e0 un sacr\u00e9 d\u00e9fi\u202f! Pourtant, quelques actions simples et accessibles permettent d\u00e9j\u00e0 d\u2019initier un travail concret et porteur. Et nos lointains anc\u00eatres, conteurs hors pair, qui nous ont transmis les r\u00e9cits et les mythes qui peuplent encore notre imaginaire collectif nous murmurent une piste prometteuse."}